{"id":1645,"date":"2021-03-25T12:20:22","date_gmt":"2021-03-25T11:20:22","guid":{"rendered":"http:\/\/adqrpvd.cluster030.hosting.ovh.net\/?page_id=1645"},"modified":"2021-03-25T12:43:19","modified_gmt":"2021-03-25T11:43:19","slug":"conditions-generales-de-vente","status":"publish","type":"page","link":"https:\/\/www.k2outdoor-annecy.com\/en\/conditions-generales-de-vente\/","title":{"rendered":"Terms of Sales"},"content":{"rendered":"\t\t<div data-elementor-type=\"wp-post\" data-elementor-id=\"1645\" class=\"elementor elementor-1645\" data-elementor-post-type=\"page\">\n\t\t\t\t\t\t<section class=\"elementor-section elementor-top-section elementor-element elementor-element-1be9 elementor-section-boxed elementor-section-height-default elementor-section-height-default\" data-id=\"1be9\" data-element_type=\"section\" data-e-type=\"section\" data-settings=\"{&quot;background_background&quot;:&quot;classic&quot;,&quot;jet_parallax_layout_list&quot;:[{&quot;jet_parallax_layout_speed&quot;:{&quot;unit&quot;:&quot;%&quot;,&quot;size&quot;:32,&quot;sizes&quot;:[]},&quot;jet_parallax_layout_type&quot;:&quot;mouse&quot;,&quot;jet_parallax_layout_bg_x&quot;:30,&quot;jet_parallax_layout_bg_y&quot;:65,&quot;_id&quot;:&quot;4679b36&quot;,&quot;jet_parallax_layout_image&quot;:{&quot;url&quot;:&quot;&quot;,&quot;id&quot;:&quot;&quot;,&quot;size&quot;:&quot;&quot;},&quot;jet_parallax_layout_image_tablet&quot;:{&quot;url&quot;:&quot;&quot;,&quot;id&quot;:&quot;&quot;,&quot;size&quot;:&quot;&quot;},&quot;jet_parallax_layout_image_mobile&quot;:{&quot;url&quot;:&quot;&quot;,&quot;id&quot;:&quot;&quot;,&quot;size&quot;:&quot;&quot;},&quot;jet_parallax_layout_direction&quot;:null,&quot;jet_parallax_layout_fx_direction&quot;:null,&quot;jet_parallax_layout_z_index&quot;:&quot;&quot;,&quot;jet_parallax_layout_bg_x_tablet&quot;:&quot;&quot;,&quot;jet_parallax_layout_bg_x_mobile&quot;:&quot;&quot;,&quot;jet_parallax_layout_bg_y_tablet&quot;:&quot;&quot;,&quot;jet_parallax_layout_bg_y_mobile&quot;:&quot;&quot;,&quot;jet_parallax_layout_bg_size&quot;:&quot;auto&quot;,&quot;jet_parallax_layout_bg_size_tablet&quot;:&quot;&quot;,&quot;jet_parallax_layout_bg_size_mobile&quot;:&quot;&quot;,&quot;jet_parallax_layout_animation_prop&quot;:&quot;transform&quot;,&quot;jet_parallax_layout_on&quot;:[&quot;desktop&quot;,&quot;tablet&quot;]}]}\">\n\t\t\t\t\t\t\t<div class=\"elementor-background-overlay\"><\/div>\n\t\t\t\t\t\t\t<div class=\"elementor-container elementor-column-gap-default\">\n\t\t\t\t\t<div class=\"elementor-column elementor-col-100 elementor-top-column elementor-element elementor-element-c70\" data-id=\"c70\" data-element_type=\"column\" data-e-type=\"column\">\n\t\t\t<div class=\"elementor-widget-wrap elementor-element-populated\">\n\t\t\t\t\t\t<div class=\"elementor-element elementor-element-5422 elementor-widget elementor-widget-spacer\" data-id=\"5422\" data-element_type=\"widget\" data-e-type=\"widget\" data-widget_type=\"spacer.default\">\n\t\t\t\t<div class=\"elementor-widget-container\">\n\t\t\t\t\t\t\t<div class=\"elementor-spacer\">\n\t\t\t<div class=\"elementor-spacer-inner\"><\/div>\n\t\t<\/div>\n\t\t\t\t\t\t<\/div>\n\t\t\t\t<\/div>\n\t\t\t\t<div class=\"elementor-element elementor-element-1f4919f elementor-invisible elementor-widget elementor-widget-heading\" data-id=\"1f4919f\" data-element_type=\"widget\" data-e-type=\"widget\" data-settings=\"{&quot;_animation&quot;:&quot;fadeInRight&quot;}\" data-widget_type=\"heading.default\">\n\t\t\t\t<div class=\"elementor-widget-container\">\n\t\t\t\t\t<h1 class=\"elementor-heading-title elementor-size-default\">Conditions g\u00e9n\u00e9rales de vente<\/h1>\t\t\t\t<\/div>\n\t\t\t\t<\/div>\n\t\t\t\t<div class=\"elementor-element elementor-element-e7cb551 elementor-widget-divider--view-line elementor-invisible elementor-widget elementor-widget-divider\" data-id=\"e7cb551\" data-element_type=\"widget\" data-e-type=\"widget\" data-settings=\"{&quot;_animation&quot;:&quot;fadeInRight&quot;}\" data-widget_type=\"divider.default\">\n\t\t\t\t<div class=\"elementor-widget-container\">\n\t\t\t\t\t\t\t<div class=\"elementor-divider\">\n\t\t\t<span class=\"elementor-divider-separator\">\n\t\t\t\t\t\t<\/span>\n\t\t<\/div>\n\t\t\t\t\t\t<\/div>\n\t\t\t\t<\/div>\n\t\t\t\t<div class=\"elementor-element elementor-element-7746126 elementor-widget elementor-widget-spacer\" data-id=\"7746126\" data-element_type=\"widget\" data-e-type=\"widget\" data-widget_type=\"spacer.default\">\n\t\t\t\t<div class=\"elementor-widget-container\">\n\t\t\t\t\t\t\t<div class=\"elementor-spacer\">\n\t\t\t<div class=\"elementor-spacer-inner\"><\/div>\n\t\t<\/div>\n\t\t\t\t\t\t<\/div>\n\t\t\t\t<\/div>\n\t\t\t\t\t<\/div>\n\t\t<\/div>\n\t\t\t\t\t<\/div>\n\t\t<\/section>\n\t\t\t\t<section class=\"elementor-section elementor-top-section elementor-element elementor-element-122b4f1 elementor-section-boxed elementor-section-height-default elementor-section-height-default\" data-id=\"122b4f1\" data-element_type=\"section\" data-e-type=\"section\" id=\"experience\" data-settings=\"{&quot;jet_parallax_layout_list&quot;:[{&quot;jet_parallax_layout_image&quot;:{&quot;url&quot;:&quot;&quot;,&quot;id&quot;:&quot;&quot;,&quot;size&quot;:&quot;&quot;},&quot;_id&quot;:&quot;46c965d&quot;,&quot;jet_parallax_layout_image_tablet&quot;:{&quot;url&quot;:&quot;&quot;,&quot;id&quot;:&quot;&quot;,&quot;size&quot;:&quot;&quot;},&quot;jet_parallax_layout_image_mobile&quot;:{&quot;url&quot;:&quot;&quot;,&quot;id&quot;:&quot;&quot;,&quot;size&quot;:&quot;&quot;},&quot;jet_parallax_layout_speed&quot;:{&quot;unit&quot;:&quot;%&quot;,&quot;size&quot;:50,&quot;sizes&quot;:[]},&quot;jet_parallax_layout_type&quot;:&quot;scroll&quot;,&quot;jet_parallax_layout_direction&quot;:&quot;1&quot;,&quot;jet_parallax_layout_fx_direction&quot;:null,&quot;jet_parallax_layout_z_index&quot;:&quot;&quot;,&quot;jet_parallax_layout_bg_x&quot;:50,&quot;jet_parallax_layout_bg_x_tablet&quot;:&quot;&quot;,&quot;jet_parallax_layout_bg_x_mobile&quot;:&quot;&quot;,&quot;jet_parallax_layout_bg_y&quot;:50,&quot;jet_parallax_layout_bg_y_tablet&quot;:&quot;&quot;,&quot;jet_parallax_layout_bg_y_mobile&quot;:&quot;&quot;,&quot;jet_parallax_layout_bg_size&quot;:&quot;auto&quot;,&quot;jet_parallax_layout_bg_size_tablet&quot;:&quot;&quot;,&quot;jet_parallax_layout_bg_size_mobile&quot;:&quot;&quot;,&quot;jet_parallax_layout_animation_prop&quot;:&quot;transform&quot;,&quot;jet_parallax_layout_on&quot;:[&quot;desktop&quot;,&quot;tablet&quot;]}],&quot;background_background&quot;:&quot;classic&quot;}\">\n\t\t\t\t\t\t\t<div class=\"elementor-background-overlay\"><\/div>\n\t\t\t\t\t\t\t<div class=\"elementor-container elementor-column-gap-default\">\n\t\t\t\t\t<div class=\"elementor-column elementor-col-100 elementor-top-column elementor-element elementor-element-c6b5f04\" data-id=\"c6b5f04\" data-element_type=\"column\" data-e-type=\"column\">\n\t\t\t<div class=\"elementor-widget-wrap elementor-element-populated\">\n\t\t\t\t\t\t<div class=\"elementor-element elementor-element-a49ae46 elementor-widget elementor-widget-text-editor\" data-id=\"a49ae46\" data-element_type=\"widget\" data-e-type=\"widget\" data-widget_type=\"text-editor.default\">\n\t\t\t\t<div class=\"elementor-widget-container\">\n\t\t\t\t\t\t\t\t\t<h2>Conditions g\u00e9n\u00e9rales de location de v\u00e9los<\/h2><p><strong>Article 1 \u2013 Objet :<\/strong><br \/>Le pr\u00e9sent document a pour objet de fixer les modalit\u00e9s de location des v\u00e9los, propos\u00e9s par K2 OUTDOORS.<br \/>Dans la suite du document, le souscripteur du contrat sera d\u00e9nomm\u00e9 l\u2019\u00ab utilisateur \u00bb.<\/p><p><strong>Article 2 &#8211; Utilisateur du v\u00e9lo :<\/strong><br \/>L\u2019utilisateur du v\u00e9lo d\u00e9clare \u00eatre apte \u00e0 la pratique du v\u00e9lo et n\u2019avoir connaissance d\u2019aucune contre-indication m\u00e9dicale. Les personnes mineures doivent fournir une autorisation sign\u00e9e par leur repr\u00e9sentant l\u00e9gal leur permettant de louer un v\u00e9lo. Le loueur ne pourra \u00eatre tenu pour responsable des dommages dus \u00e0 l\u2019inaptitude de l\u2019utilisateur.<\/p><p><strong>Article 3 &#8211; Responsabilit\u00e9 et engagements de l\u2019utilisateur :<\/strong><br \/>Les v\u00e9los, \u00e9quipements et accessoires sont r\u00e9put\u00e9s \u00eatre conformes \u00e0 la r\u00e9glementation en vigueur lors de leur location et en bon \u00e9tat de fonctionnement. Les \u00e9quipements et accessoires sont fix\u00e9s selon les normes de s\u00e9curit\u00e9. L\u2019utilisateur doit \u00eatre couvert par une assurance en responsabilit\u00e9 civile. Il d\u00e9gage le loueur K2 OUTDOOR de toute responsabilit\u00e9 d\u00e9coulant de l\u2019utilisation du mat\u00e9riel lou\u00e9, notamment en ce qui concerne les accidents et les dommages caus\u00e9s \u00e0 des tiers du fait de l\u2019usage du v\u00e9lo. Le mat\u00e9riel lou\u00e9 (v\u00e9lo et accessoire) reste la propri\u00e9t\u00e9 exclusive de K2 OUTDOOR pendant toute la dur\u00e9e du pr\u00eat. L\u2019utilisateur ne peut les sous-louer \u00e0 un tiers. L\u2019utilisateur est le seul responsable de tous d\u00e9g\u00e2ts caus\u00e9s au mat\u00e9riel lou\u00e9 ou du fait de son utilisation. L\u2019utilisateur reconnait que le mat\u00e9riel pr\u00eat\u00e9 est en parfait \u00e9tat de marche. L\u2019utilisateur s\u2019engage \u00e0 utiliser le mat\u00e9riel avec soin et dans la limite de ses capacit\u00e9s, \u00e0 respecter les consignes d\u2019usage et de s\u00e9curit\u00e9 qui lui seront transmises par le loueur, \u00e0 utiliser le v\u00e9lo pr\u00eat\u00e9 dans des conditions normales, et \u00e0 ne pas transporter sur le porte-bagages une personne ou une charge sup\u00e9rieure \u00e0 25 kg. Il s\u2019engage \u00e0 restituer le v\u00e9lo dans son \u00e9tat d\u2019origine aux dates convenues au contrat. L\u2019utilisateur d\u00e9clare se soumettre au pr\u00e9sent r\u00e8glement du code de la route. S\u2019il contrevient aux lois et aux r\u00e8glements en vigueur au cours de la location, le loueur K2 OUTDOOR ne pourra en aucun cas \u00eatre tenu pour responsable. L\u2019utilisateur s\u2019engage \u00e0 tout mettre en \u0153uvre pour \u00e9viter le vol ou la d\u00e9gradation du v\u00e9lo lou\u00e9. A cet effet, quelle que soit la dur\u00e9e du stationnement du v\u00e9lo, il s\u2019engage \u00e0 l\u2019attacher \u00e0 un point fixe \u00e0 l\u2019aide de l\u2019antivol fourni ou utiliser l\u2019antivol existant pour un v\u00e9lo \u00e0 assistance \u00e9lectrique. En cas de d\u00e9faillance technique du v\u00e9lo en cours de contrat, l\u2019utilisateur ne peut pas engager de travaux de r\u00e9paration de sa propre initiative. Il est tenu d\u2019en informer le loueur et d\u2019y rapporter le v\u00e9lo. A sa demande, le v\u00e9lo sera remplac\u00e9 par un v\u00e9lo de m\u00eame type, sous r\u00e9serve des disponibilit\u00e9s et en l\u2019absence de responsabilit\u00e9 fautive de l\u2019utilisateur, pour la p\u00e9riode restant \u00e0 courir. L\u2019utilisateur ne pourra r\u00e9clamer ni le remboursement de frais ou de facture, ni dommages et int\u00e9r\u00eats. Tout comportement agressif, irrespectueux ou de refus de respecter le pr\u00e9sent r\u00e8glement entra\u00eenera le refus de la location.<\/p><p><strong>Article 4 &#8211; Souscription du contrat et modalit\u00e9s de location :<\/strong><\/p><ul><li>Afin de souscrire un contrat de location, l\u2019utilisateur devra pr\u00e9senter un justificatif d\u2019identit\u00e9 (carte d\u2019identit\u00e9, permis de conduire, passeport).<\/li><li>Dur\u00e9e de location, prolongation, r\u00e9siliation : Toute location, quelle qu\u2019en soit la dur\u00e9e choisie lors de la souscription du contrat, est due dans son int\u00e9gralit\u00e9. Lors du retour du v\u00e9lo, l\u2019utilisateur doit venir au plus tard 30 minutes avant la fermeture du service de location. Il pourra alors, s\u2019il le souhaite, renouveler sa location. En cas de renouvellement, l\u2019utilisateur doit pr\u00e9senter le v\u00e9lo lou\u00e9. Pour la formule demi-journ\u00e9e ou journ\u00e9e, le v\u00e9lo doit \u00eatre rendu le jour m\u00eame de sa location. Au terme de la p\u00e9riode de location, en cas de non-restitution du v\u00e9lo, le retard ou la non-restitution seront factur\u00e9s conform\u00e9ment aux articles 6 et 7.<\/li><li>Tarifs et modalit\u00e9 de paiement : Les tarifs de location, des cautions et des p\u00e9nalit\u00e9s de retard de restitution du v\u00e9lo, ainsi que les modalit\u00e9s de paiement sont affich\u00e9s. Les prix factur\u00e9s sont ceux des tarifs en vigueur au jour de la location. L\u2019utilisateur sera tenu de payer \u00e0 la restitution du v\u00e9lo et des accessoires en fonction du temps de location. Les moyens de paiement accept\u00e9s par K2 OUTDOORS sont : carte de cr\u00e9dit ou esp\u00e8ces ou ch\u00e8ques.<\/li><\/ul><p><strong>Article 5 \u2013 Caution :<\/strong><br \/>Pr\u00e9alablement \u00e0 la remise du mat\u00e9riel lou\u00e9, l\u2019utilisateur doit obligatoirement d\u00e9poser en caution une photocopie d\u2019une pi\u00e8ce justificative (Carte d\u2019identit\u00e9 \u2013 Permis ou Passeport), ainsi qu\u2019une emprunte bancaire ou un ch\u00e8que de caution.<\/p><p><strong>Article 6 \u2013 Restitution :<\/strong><br \/>Le v\u00e9lo lou\u00e9 doit imp\u00e9rativement \u00eatre restitu\u00e9 au plus tard le jour indiqu\u00e9 sur le contrat de location. La caution sera rendue \u00e0 l\u2019utilisateur lors de la restitution du mat\u00e9riel lou\u00e9. Tout retard fera l\u2019objet de p\u00e9nalit\u00e9s de retard. L\u2019utilisateur pourra toutefois renouveler sa location pour une nouvelle p\u00e9riode ; dans ce cas les p\u00e9nalit\u00e9s de retard ne seront pas factur\u00e9es. En cas de vol, l\u2019utilisateur doit justifier aupr\u00e8s du loueur dans un d\u00e9lai de 24 heures apr\u00e8s le vol, d\u2019un d\u00e9p\u00f4t de plainte effectu\u00e9e dans les 24 heures aupr\u00e8s d\u2019un commissariat de police ou d\u2019une gendarmerie. Il pourra lui \u00eatre fourni, sur demande, une attestation d\u2019encaissement si l\u2019utilisateur souhaite se faire rembourser la caution par son assurance. Si le v\u00e9lo vol\u00e9 est restitu\u00e9 au loueur, l\u2019utilisateur ayant respect\u00e9 la proc\u00e9dure ci-dessus sera rembours\u00e9 du montant de la caution encaiss\u00e9e, d\u00e9duction faite des \u00e9ventuels frais de remise en \u00e9tat du v\u00e9lo (cf. article 7). Si l\u2019utilisateur ne justifie pas d\u2019un d\u00e9p\u00f4t de plainte, le r\u00e8glement de la valeur du v\u00e9lo neuf sera exigible imm\u00e9diatement. A d\u00e9faut de ce r\u00e8glement, le loueur se r\u00e9serve le droit d\u2019engager toutes poursuites, notamment judiciaires, pour obtenir le paiement.<\/p><p><strong>Article 7 &#8211; Facturation \u00e0 l\u2019utilisateur :<\/strong><br \/>En cas de non-respect des pr\u00e9c\u00e9dentes clauses du contrat de location, ou en cas de d\u00e9gradation sur le mat\u00e9riel lou\u00e9, l\u2019utilisateur aura \u00e0 s\u2019acquitter des factures suivantes : &#8211; Facture du prix du v\u00e9lo neuf, dans le cas d\u2019un d\u00e9faut de restitution du v\u00e9lo. &#8211; Facture d\u2019un montant \u00e9quivalent \u00e0 la facture de r\u00e9paration correspondante, dans le cas de r\u00e9parations cons\u00e9cutives \u00e0 des d\u00e9gradations ou pi\u00e8ces manquantes. &#8211; Facture du montant de p\u00e9nalit\u00e9s de retard (cf. article 6) Un re\u00e7u sera remis \u00e0 l\u2019utilisateur \u00e0 la demande, une fois le r\u00e8glement encaiss\u00e9.<\/p><p><strong>Article 8 &#8211; Informatique et libert\u00e9s :<\/strong><br \/>Conform\u00e9ment \u00e0 la loi n\u00b078-17 du 6 janvier 1978, relative \u00e0 l\u2019informatique, aux fichiers et aux libert\u00e9s toute personne b\u00e9n\u00e9ficie d\u2019un droit d\u2019acc\u00e8s et de rectification aux informations qui vous concernent.<\/p><h2>CGV des stages de parapente<\/h2><p><strong>Modalit\u00e9s d\u2019inscription<\/strong><\/p><ul><li>L\u2019inscription se fait directement en ligne sur notre site internet.<\/li><li>Un mail de confirmation vous sera envoy\u00e9 \u00e0 votre adresse mail apr\u00e8s la finalisation de votre inscription.<\/li><li>Afin de valider votre r\u00e9servation, l\u2019empreinte de votre carte bancaire sera enregistr\u00e9e.<\/li><li>Le montant de l\u2019empreinte n\u2019est donc pas encaiss\u00e9e avant le stage.<\/li><\/ul><p><strong>Inscription Groupe<\/strong><\/p><ul><li>Le tarif est de 1400\u20ac\/J pour le groupe, soit 175\u20ac\/J\/pers si vous \u00eates 8 pilotes. Trois mois avant la date du stage, le groupe doit \u00eatre complet et les fiches d\u2019inscription renseign\u00e9es. Dans le cas inverse, le stage ainsi que le tarif repassent en inscription individuelle (200\u20ac\/J\/pers).<\/li><\/ul><p><strong>R\u00e8glement<\/strong><\/p><ul><li>Le r\u00e8glement s\u2019effectue \u00e0 la fin du stage.<\/li><li>Nous acceptons uniquement les r\u00e8glements par ch\u00e8que et en esp\u00e8ces. Attention, il n\u2019y a pas de distri-banque dans notre petit village. Il faut donc pr\u00e9voir le mode de r\u00e8glement avant le stage.<\/li><li>Afin de garder de bonnes relations avec nos stagiaires, l\u2019\u00e9cole ne fait pas cr\u00e9dit.<\/li><\/ul><p><strong>Merci de votre fid\u00e9lit\u00e9<\/strong><\/p><ul><li>Pour vous remercier de votre fid\u00e9lit\u00e9, nous avons lanc\u00e9 la carte de fid\u00e9lit\u00e9 nominative qui vous sera d\u00e9livr\u00e9e au moment de votre stage. Elle fonctionne pour les stages en inscription individuelle uniquement.<\/li><li>Cette carte est valable deux ans. La dixi\u00e8me journ\u00e9e de stage vous sera offerte.<\/li><\/ul><p><strong>Annulations<\/strong><\/p><p><em>Annulation de votre part \/ Inscription individuelle<\/em><\/p><ul><li>Dans un d\u00e9lai sup\u00e9rieur \u00e0 30 jours avant le stage, 30\u20ac de frais de dossier seront encaiss\u00e9s.<\/li><li>Dans un d\u00e9lai entre 7 et 30 jours, la somme de 50% du stage sera d\u00e9bit\u00e9e sur votre carte. Aucun remboursement ne sera effectu\u00e9.<\/li><li>Dans un d\u00e9lai inf\u00e9rieur \u00e0 7 jours, la somme de 100% du stage sera d\u00e9bit\u00e9 sur votre carte. Aucun remboursement ne sera effectu\u00e9.<\/li><\/ul><p><em>Annulations de votre part \/ Inscription Groupe<\/em><\/p><p>En cas d\u2019annulation compl\u00e8te du groupe :<\/p><ul><li>Dans un d\u00e9lai inf\u00e9rieur \u00e0 90 jours avant le stage, 50% de la somme sera d\u00e9bit\u00e9e.<\/li><li>Dans un d\u00e9lai sup\u00e9rieur ou \u00e9gal \u00e0 90 jours avant le stage, 30\u20ac de frais de dossier seront d\u00e9bit\u00e9s.<\/li><\/ul><p>Trois mois avant la date du stage, le groupe doit \u00eatre complet et les fiches d\u2019inscription renseign\u00e9es. Dans le cas inverse, le stage ainsi que le tarif repassent en inscription individuelle (200\u20ac\/J\/pers).<\/p><p>En cas d\u2019annulation d\u2019un participant au groupe :<\/p><ul><li>Dans un d\u00e9lai entre 1 et 3 mois avant le stage, la somme de 50% de sa participation sera encaiss\u00e9e si aucun rempla\u00e7ant n\u2019est trouv\u00e9 par le groupe.<\/li><li>Dans un d\u00e9lai inf\u00e9rieur \u00e0 1 mois avant le stage, la somme de 100% de sa participation sera encaiss\u00e9e si aucun rempla\u00e7ant n\u2019est trouv\u00e9 par le groupe.<\/li><li>Tout stage interrompu pour quelques causes que ce soit, ne donne lieu \u00e0 aucune baisse de tarif. La totalit\u00e9 du stage sera \u00e0 r\u00e9gler.<\/li><li>Par exemple, en ce qui concerne les stages en semaine, si le pilote n\u2019est pas disponible pendant la journ\u00e9e de r\u00e9serve (le vendredi), la totalit\u00e9 du stage sera quand m\u00eame encaiss\u00e9e, soit 600 \u20ac.<\/li><\/ul><p><em>Annulation par K2<\/em><\/p><ul><li>Avant le stage, en cas d\u2019annulation pour cause m\u00e9t\u00e9o, aucun montant ne sera encaiss\u00e9.<\/li><li>Dans ce cas, nous vous proposerons une date de stage ult\u00e9rieure en remplacement.<\/li><\/ul><p><em>Pendant le stage<\/em><\/p><ul><li>Si aucun vol n\u2019est effectu\u00e9: aucun r\u00e8glement ne vous sera factur\u00e9.<\/li><li>Si une moyenne de deux vols par jour est r\u00e9alis\u00e9e pendant la dur\u00e9e du stage, le r\u00e8glement de la totalit\u00e9 du stage vous sera factur\u00e9.<\/li><li>Si un seul vol est r\u00e9alis\u00e9 pendant le stage, la somme de 100\u20ac\/pers sera factur\u00e9e.<\/li><li>L\u2019encadrement se r\u00e9serve le droit d\u2019interrompre la participation d\u2019un stagiaire, si son niveau technique ou sa forme physique ne correspond pas \u00e0 celui requis. En aucun cas cette interruption ne pourra donner lieu \u00e0 un remboursement ou versement d\u2019indemnit\u00e9s.<\/li><li>Par mesure de s\u00e9curit\u00e9: Les voiles reflex paramoteur sont interdites. Les pilotes doivent venir avec du mat\u00e9riel homologu\u00e9 parapente.<\/li><\/ul><p>Nous refusons la participation au stage tout pilote paramotoriste n\u2019ayant jamais pratiqu\u00e9 le parapente. Un minimum de 30 vols dans l\u2019ann\u00e9e est demand\u00e9 et\/ou avoir effectu\u00e9 une semaine de stage de perfectionnement dans une \u00e9cole de parapente (une attestation de l\u2019\u00e9cole sera demand\u00e9e).<\/p><p><em>En ce qui concerne les stages sur trois jours<\/em><\/p><ul><li>La journ\u00e9e de r\u00e9serve du vendredi sera utilis\u00e9e uniquement si une journ\u00e9e enti\u00e8re a \u00e9t\u00e9 annul\u00e9e pendant le stage. Si, au cours d\u2019une journ\u00e9e, un ou deux vols ont pu \u00eatre valid\u00e9s, en plus des deux autres journ\u00e9es, le stage sera donc valid\u00e9 et nous n\u2019utiliserons pas la journ\u00e9e de r\u00e9serve. Une moyenne de deux vols par jour valide le stage.<\/li><li>La journ\u00e9e de r\u00e9serve du vendredi se finira vers 17H, d\u00e9briefing vid\u00e9o compris.<\/li><\/ul><p><strong>D\u00e9roulement du stage<\/strong><\/p><p><em>Point m\u00e9t\u00e9o<\/em><\/p><ul><li>Nous ferons un point m\u00e9t\u00e9o deux jours avant le stage, vers 19H afin de valider la mise en route ou non du stage. Nous vous enverrons un mail et un texto afin de vous confirmer le rendez vous. Nous prenons les bulletins m\u00e9t\u00e9o vers 18H et nous ne sommes donc pas en mesure de vous confirmer la validit\u00e9 du stage avant cette heure (surtout en cas de m\u00e9t\u00e9o mitig\u00e9e). Merci donc de patienter.<\/li><\/ul><p><em>La veille du stage<\/em><\/p><ul><li>Rendez-vous \u00e0 Plan Montmin (voir plan d\u2019acc\u00e8s), la veille du stage, \u00e0 17H30. Pour des raisons d\u2019organisation, de s\u00e9curit\u00e9 et de p\u00e9dagogie, il est imp\u00e9ratif d\u2019\u00eatre pr\u00e9sent pour ce premier briefing.<\/li><li>V\u00e9rification du bon fonctionnement de l\u2019extraction du parachute de secours sur un portique.<\/li><li>Distribution de gilets de sauvetage, d\u2019oreillettes et de poches \u00e9tanches pour les radios.<\/li><li>Briefing : consignes de s\u00e9curit\u00e9, parachute de secours et progression.<\/li><li>Pr\u00e9sentation de la zone d\u2019\u00e9volution et de l\u2019atterrissage.<\/li><li>Fin du briefing vers 19H30.<\/li><\/ul><p><em>Le jour du stage<\/em><\/p><ul><li>Rendez-vous \u00e0 8H.<\/li><li>Briefing sur les exercices \u00e0 r\u00e9aliser.<\/li><li>Exercices en vol r\u00e9alis\u00e9s au dessus du lac avec un bateau de s\u00e9curit\u00e9. 3 vols par jours seront r\u00e9alis\u00e9s au maximum.<\/li><li>A l\u2019atterrissage, entre chaque vol, analyse du vol r\u00e9alis\u00e9 et choix du vol suivant. (Ainsi qu\u2019un rapide casse-cro\u00fbte)<\/li><li>Analyse de la journ\u00e9e gr\u00e2ce \u00e0 la vid\u00e9o des vols de chaque pilote. (possibilit\u00e9 d\u2019avoir votre stage sur dvd)<\/li><li>Fin de la journ\u00e9e vers 17h.<\/li><\/ul><p>Les horaires peuvent \u00eatre modifi\u00e9s en fonction de la m\u00e9t\u00e9o.<\/p><p>Un casse-cro\u00fbte rapide sera pr\u00e9vu au cours de la journ\u00e9e. Vous pouvez en commander un \u00e0 l\u2019\u00e9cole la veille au soir.<\/p><ul><li>Les stages peuvent se d\u00e9rouler sur deux ou trois jours (En g\u00e9n\u00e9ral, deux jours en week end et trois jours en semaine).<\/li><li>Les stages en semaine sont du mardi au jeudi avec le vendredi comme journ\u00e9e de r\u00e9serve en cas de mauvaise m\u00e9t\u00e9o.<\/li><li>Les groupes sont limit\u00e9s \u00e0 8 personnes maximum.<\/li><\/ul><p><strong>Tarifs<\/strong><\/p><p><em>Tarifs avec mat\u00e9riel personnel complet<\/em><\/p><ul><li>Stage de pilotage 2 jours 400 \u20ac \/ pers<\/li><li>Stage de pilotage 3 jours 600 \u20ac \/ pers<\/li><li>Stage pilotage groupe 1400 \u20ac \/ jour pour le groupe<\/li><\/ul><p><em>Suppl\u00e9ment(s) pour mat\u00e9riel fourni par l\u2019\u00e9cole<\/em><br \/>(Merci de nous pr\u00e9venir \u00e0 l\u2019avance si vous avez besoin de mat\u00e9riel)<\/p><ul><li>Radio 15 \u20ac \/ jour<\/li><li>Parachute de secours 30 \u20ac \/ jour<\/li><li>Sellette 30 \u20ac \/ jour<\/li><li>Pliage parachute de secours 45 \u20ac<\/li><li>Film p\u00e9dagogique sur Cl\u00e9 USB K2:<ul><li>1 personne 30 \u20ac<\/li><li>2 personnes 40 \u20ac<\/li><li>3 personnes 60 \u20ac<\/li><li>8 personnes 120 \u20ac<\/li><\/ul><\/li><\/ul><p>P\u00e9riode des stages pilotage\/SIV parapente : Mi-mars \u00e0 fin octobre<\/p><p>Stage pilotage \/ SIV interdits aux mois de juillet et ao\u00fbt<\/p><p>Pour les groupes, d\u2019autres dates peuvent \u00eatre disponibles en plus de celles mentionn\u00e9es. N\u2019h\u00e9sitez pas \u00e0 nous contacter pour plus d\u2019infos.<\/p><h2>CGV des bapt\u00eames<\/h2><p><strong>R\u00e9servation<\/strong><\/p><p>La r\u00e9servation se fait sur notre site internet, par t\u00e9l\u00e9phone ou par mail.<\/p><p><em>Via notre site :<\/em><\/p><ul><li>Le montant de vol sera encaiss\u00e9<\/li><li>Un mail \/ texto de confirmation vous sera envoy\u00e9 avec toutes les informations n\u00e9cessaires<\/li><\/ul><p><em>Via le t\u00e9l\u00e9phone ou mail :<\/em><\/p><ul><li>Un acompte vous sera demand\u00e9<\/li><li>Un mail \/ texto de confirmation vous sera envoy\u00e9 avec toutes les informations n\u00e9cessaires<\/li><\/ul><p><strong>Annulations<\/strong><\/p><p><em>Annulation de vote part<\/em><\/p><ul><li>Dans un d\u00e9lai sup\u00e9rieur \u00e0 15 jours avant votre bapt\u00eame, aucun frais ne sera encaiss\u00e9. Vous serez rembours\u00e9 du montant vers\u00e9 ou nous vous proposerons une autre date.<\/li><li>Dans un d\u00e9lai inf\u00e9rieur \u00e0 15 jours, aucun remboursement ne sera effectu\u00e9.<\/li><\/ul><p>En cas de retard pour votre vol, celui sera annul\u00e9 et aucun remboursement ne sera effectu\u00e9. Pensez donc \u00e0 pr\u00e9voir un temps n\u00e9cessaire pour rejoindre notre boutique. En \u00e9t\u00e9 le bord du lac est r\u00e9guli\u00e8rement encombr\u00e9\u2026<\/p><p><em>Annulation par K2<\/em><\/p><ul><li>En cas de mauvaise m\u00e9t\u00e9o pour la pratique du parapente, vous serez inform\u00e9 le matin de votre rendez-vous.<\/li><li>Une autre date de vol vous sera propos\u00e9.<\/li><li>Si nous n\u2019arrivons pas \u00e0 trouver un autre cr\u00e9neau pour r\u00e9aliser votre vol, vous serez rembours\u00e9.<\/li><\/ul><p><strong>Tarifs<\/strong><\/p><ul><li>Bapt\u00eame minipouss : 80\u20ac<\/li><li>Bapt\u00eame d\u00e9couverte : 90\u20ac<\/li><li>Bapt\u00eame ascendance : 110\u20ac<\/li><li>Bapt\u00eame sensation : 120\u20ac<\/li><li>Bapt\u00eame performance : 140\u20ac<\/li><li>Bapt\u00eame prestige : 180\u20ac<\/li><li>Photos et vid\u00e9o de votre vol : 25\u20ac par personne + 5\u20ac support cl\u00e9 USB 8G<\/li><\/ul>\t\t\t\t\t\t\t\t<\/div>\n\t\t\t\t<\/div>\n\t\t\t\t\t<\/div>\n\t\t<\/div>\n\t\t\t\t\t<\/div>\n\t\t<\/section>\n\t\t\t\t<section class=\"elementor-section elementor-top-section elementor-element elementor-element-41bba90 elementor-section-full_width elementor-section-height-default elementor-section-height-default\" data-id=\"41bba90\" data-element_type=\"section\" data-e-type=\"section\" data-settings=\"{&quot;jet_parallax_layout_list&quot;:[{&quot;_id&quot;:&quot;ea45d82&quot;,&quot;jet_parallax_layout_speed&quot;:{&quot;unit&quot;:&quot;%&quot;,&quot;size&quot;:50,&quot;sizes&quot;:[]},&quot;jet_parallax_layout_image&quot;:{&quot;url&quot;:&quot;&quot;,&quot;id&quot;:&quot;&quot;,&quot;size&quot;:&quot;&quot;},&quot;jet_parallax_layout_image_tablet&quot;:{&quot;url&quot;:&quot;&quot;,&quot;id&quot;:&quot;&quot;,&quot;size&quot;:&quot;&quot;},&quot;jet_parallax_layout_image_mobile&quot;:{&quot;url&quot;:&quot;&quot;,&quot;id&quot;:&quot;&quot;,&quot;size&quot;:&quot;&quot;},&quot;jet_parallax_layout_type&quot;:&quot;scroll&quot;,&quot;jet_parallax_layout_direction&quot;:&quot;1&quot;,&quot;jet_parallax_layout_fx_direction&quot;:null,&quot;jet_parallax_layout_z_index&quot;:&quot;&quot;,&quot;jet_parallax_layout_bg_x&quot;:50,&quot;jet_parallax_layout_bg_x_tablet&quot;:&quot;&quot;,&quot;jet_parallax_layout_bg_x_mobile&quot;:&quot;&quot;,&quot;jet_parallax_layout_bg_y&quot;:50,&quot;jet_parallax_layout_bg_y_tablet&quot;:&quot;&quot;,&quot;jet_parallax_layout_bg_y_mobile&quot;:&quot;&quot;,&quot;jet_parallax_layout_bg_size&quot;:&quot;auto&quot;,&quot;jet_parallax_layout_bg_size_tablet&quot;:&quot;&quot;,&quot;jet_parallax_layout_bg_size_mobile&quot;:&quot;&quot;,&quot;jet_parallax_layout_animation_prop&quot;:&quot;transform&quot;,&quot;jet_parallax_layout_on&quot;:[&quot;desktop&quot;,&quot;tablet&quot;]}],&quot;background_background&quot;:&quot;classic&quot;}\">\n\t\t\t\t\t\t<div class=\"elementor-container elementor-column-gap-default\">\n\t\t\t\t\t<div class=\"elementor-column elementor-col-100 elementor-top-column elementor-element elementor-element-b6b0811\" data-id=\"b6b0811\" data-element_type=\"column\" data-e-type=\"column\">\n\t\t\t<div class=\"elementor-widget-wrap elementor-element-populated\">\n\t\t\t\t\t\t<div class=\"elementor-element elementor-element-b340408 elementor-widget elementor-widget-google_maps\" data-id=\"b340408\" data-element_type=\"widget\" data-e-type=\"widget\" data-widget_type=\"google_maps.default\">\n\t\t\t\t<div class=\"elementor-widget-container\">\n\t\t\t\t\t\t\t<div class=\"elementor-custom-embed\">\n\t\t\t<iframe loading=\"lazy\"\n\t\t\t\t\tsrc=\"https:\/\/maps.google.com\/maps?q=K2%20Outdoor&#038;t=m&#038;z=11&#038;output=embed&#038;iwloc=near\"\n\t\t\t\t\ttitle=\"K2 Outdoor\"\n\t\t\t\t\taria-label=\"K2 Outdoor\"\n\t\t\t><\/iframe>\n\t\t<\/div>\n\t\t\t\t\t\t<\/div>\n\t\t\t\t<\/div>\n\t\t\t\t\t<\/div>\n\t\t<\/div>\n\t\t\t\t\t<\/div>\n\t\t<\/section>\n\t\t\t\t<\/div>\n\t\t","protected":false},"excerpt":{"rendered":"<p>Conditions g\u00e9n\u00e9rales de vente Conditions g\u00e9n\u00e9rales de location de v\u00e9los Article 1 \u2013 Objet :Le pr\u00e9sent document a pour objet de fixer les modalit\u00e9s de location des v\u00e9los, propos\u00e9s par K2 OUTDOORS.Dans la suite du document, le souscripteur du contrat sera d\u00e9nomm\u00e9 l\u2019\u00ab utilisateur \u00bb. Article 2 &#8211; Utilisateur du v\u00e9lo :L\u2019utilisateur du v\u00e9lo d\u00e9clare [&hellip;]<\/p>\n","protected":false},"author":1,"featured_media":0,"parent":0,"menu_order":0,"comment_status":"closed","ping_status":"closed","template":"elementor_header_footer","meta":{"footnotes":""},"class_list":["post-1645","page","type-page","status-publish","hentry"],"yoast_head":"<!-- This site is optimized with the Yoast SEO plugin v27.5 - https:\/\/yoast.com\/product\/yoast-seo-wordpress\/ -->\n<title>Conditions g\u00e9n\u00e9rales de vente I K2 Outdoor Annecy, Haute-Savoie<\/title>\n<meta name=\"description\" content=\"Conditions g\u00e9n\u00e9rales de vente de K2 Outdoor Annecy Savoie Mont-Blanc\" \/>\n<meta name=\"robots\" content=\"index, follow, max-snippet:-1, max-image-preview:large, max-video-preview:-1\" \/>\n<link rel=\"canonical\" href=\"https:\/\/www.k2outdoor-annecy.com\/en\/conditions-generales-de-vente\/\" \/>\n<meta property=\"og:locale\" content=\"en_GB\" \/>\n<meta property=\"og:type\" content=\"article\" \/>\n<meta property=\"og:title\" content=\"Conditions g\u00e9n\u00e9rales de vente I K2 Outdoor Annecy, Haute-Savoie\" \/>\n<meta property=\"og:description\" content=\"Conditions g\u00e9n\u00e9rales de vente de K2 Outdoor Annecy Savoie Mont-Blanc\" \/>\n<meta property=\"og:url\" content=\"https:\/\/www.k2outdoor-annecy.com\/en\/conditions-generales-de-vente\/\" \/>\n<meta property=\"og:site_name\" content=\"K2 Outdoor\" \/>\n<meta property=\"article:modified_time\" content=\"2021-03-25T11:43:19+00:00\" \/>\n<meta name=\"twitter:card\" content=\"summary_large_image\" \/>\n<meta name=\"twitter:label1\" content=\"Estimated reading time\" \/>\n\t<meta name=\"twitter:data1\" content=\"12 minutes\" \/>\n<script type=\"application\/ld+json\" class=\"yoast-schema-graph\">{\"@context\":\"https:\\\/\\\/schema.org\",\"@graph\":[{\"@type\":\"WebPage\",\"@id\":\"https:\\\/\\\/www.k2outdoor-annecy.com\\\/conditions-generales-de-vente\\\/\",\"url\":\"https:\\\/\\\/www.k2outdoor-annecy.com\\\/conditions-generales-de-vente\\\/\",\"name\":\"Conditions g\u00e9n\u00e9rales de vente I K2 Outdoor Annecy, Haute-Savoie\",\"isPartOf\":{\"@id\":\"https:\\\/\\\/www.k2outdoor-annecy.com\\\/#website\"},\"datePublished\":\"2021-03-25T11:20:22+00:00\",\"dateModified\":\"2021-03-25T11:43:19+00:00\",\"description\":\"Conditions g\u00e9n\u00e9rales de vente de K2 Outdoor Annecy Savoie Mont-Blanc\",\"breadcrumb\":{\"@id\":\"https:\\\/\\\/www.k2outdoor-annecy.com\\\/conditions-generales-de-vente\\\/#breadcrumb\"},\"inLanguage\":\"en-GB\",\"potentialAction\":[{\"@type\":\"ReadAction\",\"target\":[\"https:\\\/\\\/www.k2outdoor-annecy.com\\\/conditions-generales-de-vente\\\/\"]}]},{\"@type\":\"BreadcrumbList\",\"@id\":\"https:\\\/\\\/www.k2outdoor-annecy.com\\\/conditions-generales-de-vente\\\/#breadcrumb\",\"itemListElement\":[{\"@type\":\"ListItem\",\"position\":1,\"name\":\"Accueil\",\"item\":\"https:\\\/\\\/www.k2outdoor-annecy.com\\\/\"},{\"@type\":\"ListItem\",\"position\":2,\"name\":\"Conditions g\u00e9n\u00e9rales de vente\"}]},{\"@type\":\"WebSite\",\"@id\":\"https:\\\/\\\/www.k2outdoor-annecy.com\\\/#website\",\"url\":\"https:\\\/\\\/www.k2outdoor-annecy.com\\\/\",\"name\":\"K2 Outdoor\",\"description\":\"Location et r\u00e9paration de v\u00e9los Doussard \\\/ Annecy et Activit\u00e9s Outdoor\",\"publisher\":{\"@id\":\"https:\\\/\\\/www.k2outdoor-annecy.com\\\/#organization\"},\"potentialAction\":[{\"@type\":\"SearchAction\",\"target\":{\"@type\":\"EntryPoint\",\"urlTemplate\":\"https:\\\/\\\/www.k2outdoor-annecy.com\\\/?s={search_term_string}\"},\"query-input\":{\"@type\":\"PropertyValueSpecification\",\"valueRequired\":true,\"valueName\":\"search_term_string\"}}],\"inLanguage\":\"en-GB\"},{\"@type\":\"Organization\",\"@id\":\"https:\\\/\\\/www.k2outdoor-annecy.com\\\/#organization\",\"name\":\"K2 Outdoor\",\"url\":\"https:\\\/\\\/www.k2outdoor-annecy.com\\\/\",\"logo\":{\"@type\":\"ImageObject\",\"inLanguage\":\"en-GB\",\"@id\":\"https:\\\/\\\/www.k2outdoor-annecy.com\\\/#\\\/schema\\\/logo\\\/image\\\/\",\"url\":\"https:\\\/\\\/www.k2outdoor-annecy.com\\\/wp-content\\\/uploads\\\/2018\\\/05\\\/Groupe-2.png\",\"contentUrl\":\"https:\\\/\\\/www.k2outdoor-annecy.com\\\/wp-content\\\/uploads\\\/2018\\\/05\\\/Groupe-2.png\",\"width\":547,\"height\":454,\"caption\":\"K2 Outdoor\"},\"image\":{\"@id\":\"https:\\\/\\\/www.k2outdoor-annecy.com\\\/#\\\/schema\\\/logo\\\/image\\\/\"}}]}<\/script>\n<!-- \/ Yoast SEO plugin. -->","yoast_head_json":{"title":"Conditions g\u00e9n\u00e9rales de vente I K2 Outdoor Annecy, Haute-Savoie","description":"Conditions g\u00e9n\u00e9rales de vente de K2 Outdoor Annecy Savoie Mont-Blanc","robots":{"index":"index","follow":"follow","max-snippet":"max-snippet:-1","max-image-preview":"max-image-preview:large","max-video-preview":"max-video-preview:-1"},"canonical":"https:\/\/www.k2outdoor-annecy.com\/en\/conditions-generales-de-vente\/","og_locale":"en_GB","og_type":"article","og_title":"Conditions g\u00e9n\u00e9rales de vente I K2 Outdoor Annecy, Haute-Savoie","og_description":"Conditions g\u00e9n\u00e9rales de vente de K2 Outdoor Annecy Savoie Mont-Blanc","og_url":"https:\/\/www.k2outdoor-annecy.com\/en\/conditions-generales-de-vente\/","og_site_name":"K2 Outdoor","article_modified_time":"2021-03-25T11:43:19+00:00","twitter_card":"summary_large_image","twitter_misc":{"Estimated reading time":"12 minutes"},"schema":{"@context":"https:\/\/schema.org","@graph":[{"@type":"WebPage","@id":"https:\/\/www.k2outdoor-annecy.com\/conditions-generales-de-vente\/","url":"https:\/\/www.k2outdoor-annecy.com\/conditions-generales-de-vente\/","name":"Conditions g\u00e9n\u00e9rales de vente I K2 Outdoor Annecy, Haute-Savoie","isPartOf":{"@id":"https:\/\/www.k2outdoor-annecy.com\/#website"},"datePublished":"2021-03-25T11:20:22+00:00","dateModified":"2021-03-25T11:43:19+00:00","description":"Conditions g\u00e9n\u00e9rales de vente de K2 Outdoor Annecy Savoie Mont-Blanc","breadcrumb":{"@id":"https:\/\/www.k2outdoor-annecy.com\/conditions-generales-de-vente\/#breadcrumb"},"inLanguage":"en-GB","potentialAction":[{"@type":"ReadAction","target":["https:\/\/www.k2outdoor-annecy.com\/conditions-generales-de-vente\/"]}]},{"@type":"BreadcrumbList","@id":"https:\/\/www.k2outdoor-annecy.com\/conditions-generales-de-vente\/#breadcrumb","itemListElement":[{"@type":"ListItem","position":1,"name":"Accueil","item":"https:\/\/www.k2outdoor-annecy.com\/"},{"@type":"ListItem","position":2,"name":"Conditions g\u00e9n\u00e9rales de vente"}]},{"@type":"WebSite","@id":"https:\/\/www.k2outdoor-annecy.com\/#website","url":"https:\/\/www.k2outdoor-annecy.com\/","name":"K2 Outdoor","description":"Location et r\u00e9paration de v\u00e9los Doussard \/ Annecy et Activit\u00e9s Outdoor","publisher":{"@id":"https:\/\/www.k2outdoor-annecy.com\/#organization"},"potentialAction":[{"@type":"SearchAction","target":{"@type":"EntryPoint","urlTemplate":"https:\/\/www.k2outdoor-annecy.com\/?s={search_term_string}"},"query-input":{"@type":"PropertyValueSpecification","valueRequired":true,"valueName":"search_term_string"}}],"inLanguage":"en-GB"},{"@type":"Organization","@id":"https:\/\/www.k2outdoor-annecy.com\/#organization","name":"K2 Outdoor","url":"https:\/\/www.k2outdoor-annecy.com\/","logo":{"@type":"ImageObject","inLanguage":"en-GB","@id":"https:\/\/www.k2outdoor-annecy.com\/#\/schema\/logo\/image\/","url":"https:\/\/www.k2outdoor-annecy.com\/wp-content\/uploads\/2018\/05\/Groupe-2.png","contentUrl":"https:\/\/www.k2outdoor-annecy.com\/wp-content\/uploads\/2018\/05\/Groupe-2.png","width":547,"height":454,"caption":"K2 Outdoor"},"image":{"@id":"https:\/\/www.k2outdoor-annecy.com\/#\/schema\/logo\/image\/"}}]}},"_links":{"self":[{"href":"https:\/\/www.k2outdoor-annecy.com\/en\/wp-json\/wp\/v2\/pages\/1645","targetHints":{"allow":["GET"]}}],"collection":[{"href":"https:\/\/www.k2outdoor-annecy.com\/en\/wp-json\/wp\/v2\/pages"}],"about":[{"href":"https:\/\/www.k2outdoor-annecy.com\/en\/wp-json\/wp\/v2\/types\/page"}],"author":[{"embeddable":true,"href":"https:\/\/www.k2outdoor-annecy.com\/en\/wp-json\/wp\/v2\/users\/1"}],"replies":[{"embeddable":true,"href":"https:\/\/www.k2outdoor-annecy.com\/en\/wp-json\/wp\/v2\/comments?post=1645"}],"version-history":[{"count":10,"href":"https:\/\/www.k2outdoor-annecy.com\/en\/wp-json\/wp\/v2\/pages\/1645\/revisions"}],"predecessor-version":[{"id":1658,"href":"https:\/\/www.k2outdoor-annecy.com\/en\/wp-json\/wp\/v2\/pages\/1645\/revisions\/1658"}],"wp:attachment":[{"href":"https:\/\/www.k2outdoor-annecy.com\/en\/wp-json\/wp\/v2\/media?parent=1645"}],"curies":[{"name":"wp","href":"https:\/\/api.w.org\/{rel}","templated":true}]}}