{"id":1670,"date":"2021-03-25T13:56:30","date_gmt":"2021-03-25T12:56:30","guid":{"rendered":"http:\/\/adqrpvd.cluster030.hosting.ovh.net\/?page_id=1670"},"modified":"2025-04-21T09:33:01","modified_gmt":"2025-04-21T07:33:01","slug":"les-partenaires-de-k2-outdoor","status":"publish","type":"page","link":"https:\/\/www.k2outdoor-annecy.com\/en\/les-partenaires-de-k2-outdoor\/","title":{"rendered":"K2 Outdoor partners"},"content":{"rendered":"\t\t<div data-elementor-type=\"wp-post\" data-elementor-id=\"1670\" class=\"elementor elementor-1670\" data-elementor-post-type=\"page\">\n\t\t\t\t\t\t<section class=\"elementor-section elementor-top-section elementor-element elementor-element-1be9 elementor-section-boxed elementor-section-height-default elementor-section-height-default\" data-id=\"1be9\" data-element_type=\"section\" data-e-type=\"section\" data-settings=\"{&quot;background_background&quot;:&quot;classic&quot;,&quot;jet_parallax_layout_list&quot;:[{&quot;jet_parallax_layout_speed&quot;:{&quot;unit&quot;:&quot;%&quot;,&quot;size&quot;:32,&quot;sizes&quot;:[]},&quot;jet_parallax_layout_type&quot;:&quot;mouse&quot;,&quot;jet_parallax_layout_bg_x&quot;:30,&quot;jet_parallax_layout_bg_y&quot;:65,&quot;_id&quot;:&quot;4679b36&quot;,&quot;jet_parallax_layout_image&quot;:{&quot;url&quot;:&quot;&quot;,&quot;id&quot;:&quot;&quot;,&quot;size&quot;:&quot;&quot;},&quot;jet_parallax_layout_image_tablet&quot;:{&quot;url&quot;:&quot;&quot;,&quot;id&quot;:&quot;&quot;,&quot;size&quot;:&quot;&quot;},&quot;jet_parallax_layout_image_mobile&quot;:{&quot;url&quot;:&quot;&quot;,&quot;id&quot;:&quot;&quot;,&quot;size&quot;:&quot;&quot;},&quot;jet_parallax_layout_direction&quot;:null,&quot;jet_parallax_layout_fx_direction&quot;:null,&quot;jet_parallax_layout_z_index&quot;:&quot;&quot;,&quot;jet_parallax_layout_bg_x_tablet&quot;:&quot;&quot;,&quot;jet_parallax_layout_bg_x_mobile&quot;:&quot;&quot;,&quot;jet_parallax_layout_bg_y_tablet&quot;:&quot;&quot;,&quot;jet_parallax_layout_bg_y_mobile&quot;:&quot;&quot;,&quot;jet_parallax_layout_bg_size&quot;:&quot;auto&quot;,&quot;jet_parallax_layout_bg_size_tablet&quot;:&quot;&quot;,&quot;jet_parallax_layout_bg_size_mobile&quot;:&quot;&quot;,&quot;jet_parallax_layout_animation_prop&quot;:&quot;transform&quot;,&quot;jet_parallax_layout_on&quot;:[&quot;desktop&quot;,&quot;tablet&quot;]}]}\">\n\t\t\t\t\t\t\t<div class=\"elementor-background-overlay\"><\/div>\n\t\t\t\t\t\t\t<div class=\"elementor-container elementor-column-gap-default\">\n\t\t\t\t\t<div class=\"elementor-column elementor-col-100 elementor-top-column elementor-element elementor-element-c70\" data-id=\"c70\" data-element_type=\"column\" data-e-type=\"column\">\n\t\t\t<div class=\"elementor-widget-wrap elementor-element-populated\">\n\t\t\t\t\t\t<div class=\"elementor-element elementor-element-5422 elementor-widget elementor-widget-spacer\" data-id=\"5422\" data-element_type=\"widget\" data-e-type=\"widget\" data-widget_type=\"spacer.default\">\n\t\t\t\t<div class=\"elementor-widget-container\">\n\t\t\t\t\t\t\t<div class=\"elementor-spacer\">\n\t\t\t<div class=\"elementor-spacer-inner\"><\/div>\n\t\t<\/div>\n\t\t\t\t\t\t<\/div>\n\t\t\t\t<\/div>\n\t\t\t\t<div class=\"elementor-element elementor-element-1f4919f elementor-invisible elementor-widget elementor-widget-heading\" data-id=\"1f4919f\" data-element_type=\"widget\" data-e-type=\"widget\" data-settings=\"{&quot;_animation&quot;:&quot;fadeInRight&quot;}\" data-widget_type=\"heading.default\">\n\t\t\t\t<div class=\"elementor-widget-container\">\n\t\t\t\t\t<h1 class=\"elementor-heading-title elementor-size-default\">Les partenaires de K2 Outdoor<\/h1>\t\t\t\t<\/div>\n\t\t\t\t<\/div>\n\t\t\t\t<div class=\"elementor-element elementor-element-e7cb551 elementor-widget-divider--view-line elementor-invisible elementor-widget elementor-widget-divider\" data-id=\"e7cb551\" data-element_type=\"widget\" data-e-type=\"widget\" data-settings=\"{&quot;_animation&quot;:&quot;fadeInRight&quot;}\" data-widget_type=\"divider.default\">\n\t\t\t\t<div class=\"elementor-widget-container\">\n\t\t\t\t\t\t\t<div class=\"elementor-divider\">\n\t\t\t<span class=\"elementor-divider-separator\">\n\t\t\t\t\t\t<\/span>\n\t\t<\/div>\n\t\t\t\t\t\t<\/div>\n\t\t\t\t<\/div>\n\t\t\t\t<div class=\"elementor-element elementor-element-7746126 elementor-widget elementor-widget-spacer\" data-id=\"7746126\" data-element_type=\"widget\" data-e-type=\"widget\" data-widget_type=\"spacer.default\">\n\t\t\t\t<div class=\"elementor-widget-container\">\n\t\t\t\t\t\t\t<div class=\"elementor-spacer\">\n\t\t\t<div class=\"elementor-spacer-inner\"><\/div>\n\t\t<\/div>\n\t\t\t\t\t\t<\/div>\n\t\t\t\t<\/div>\n\t\t\t\t\t<\/div>\n\t\t<\/div>\n\t\t\t\t\t<\/div>\n\t\t<\/section>\n\t\t\t\t<section class=\"elementor-section elementor-top-section elementor-element elementor-element-122b4f1 elementor-section-boxed elementor-section-height-default elementor-section-height-default\" data-id=\"122b4f1\" data-element_type=\"section\" data-e-type=\"section\" id=\"experience\" data-settings=\"{&quot;jet_parallax_layout_list&quot;:[{&quot;jet_parallax_layout_image&quot;:{&quot;url&quot;:&quot;&quot;,&quot;id&quot;:&quot;&quot;,&quot;size&quot;:&quot;&quot;},&quot;_id&quot;:&quot;46c965d&quot;,&quot;jet_parallax_layout_image_tablet&quot;:{&quot;url&quot;:&quot;&quot;,&quot;id&quot;:&quot;&quot;,&quot;size&quot;:&quot;&quot;},&quot;jet_parallax_layout_image_mobile&quot;:{&quot;url&quot;:&quot;&quot;,&quot;id&quot;:&quot;&quot;,&quot;size&quot;:&quot;&quot;},&quot;jet_parallax_layout_speed&quot;:{&quot;unit&quot;:&quot;%&quot;,&quot;size&quot;:50,&quot;sizes&quot;:[]},&quot;jet_parallax_layout_type&quot;:&quot;scroll&quot;,&quot;jet_parallax_layout_direction&quot;:&quot;1&quot;,&quot;jet_parallax_layout_fx_direction&quot;:null,&quot;jet_parallax_layout_z_index&quot;:&quot;&quot;,&quot;jet_parallax_layout_bg_x&quot;:50,&quot;jet_parallax_layout_bg_x_tablet&quot;:&quot;&quot;,&quot;jet_parallax_layout_bg_x_mobile&quot;:&quot;&quot;,&quot;jet_parallax_layout_bg_y&quot;:50,&quot;jet_parallax_layout_bg_y_tablet&quot;:&quot;&quot;,&quot;jet_parallax_layout_bg_y_mobile&quot;:&quot;&quot;,&quot;jet_parallax_layout_bg_size&quot;:&quot;auto&quot;,&quot;jet_parallax_layout_bg_size_tablet&quot;:&quot;&quot;,&quot;jet_parallax_layout_bg_size_mobile&quot;:&quot;&quot;,&quot;jet_parallax_layout_animation_prop&quot;:&quot;transform&quot;,&quot;jet_parallax_layout_on&quot;:[&quot;desktop&quot;,&quot;tablet&quot;]}],&quot;background_background&quot;:&quot;classic&quot;}\">\n\t\t\t\t\t\t\t<div class=\"elementor-background-overlay\"><\/div>\n\t\t\t\t\t\t\t<div class=\"elementor-container elementor-column-gap-default\">\n\t\t\t\t\t<div class=\"elementor-column elementor-col-100 elementor-top-column elementor-element elementor-element-c6b5f04\" data-id=\"c6b5f04\" data-element_type=\"column\" data-e-type=\"column\">\n\t\t\t<div class=\"elementor-widget-wrap elementor-element-populated\">\n\t\t\t\t\t\t<div class=\"elementor-element elementor-element-a49ae46 elementor-widget elementor-widget-text-editor\" data-id=\"a49ae46\" data-element_type=\"widget\" data-e-type=\"widget\" data-widget_type=\"text-editor.default\">\n\t\t\t\t<div class=\"elementor-widget-container\">\n\t\t\t\t\t\t\t\t\t<p>K2 Outdoor travaille avec des partenaires fid\u00e8les, un <strong>r\u00e9seau de professionnels locaux qualifi\u00e9s et investis<\/strong>.<\/p>\t\t\t\t\t\t\t\t<\/div>\n\t\t\t\t<\/div>\n\t\t\t\t<div class=\"elementor-element elementor-element-27b1 elementor-widget-divider--view-line elementor-invisible elementor-widget elementor-widget-divider\" data-id=\"27b1\" data-element_type=\"widget\" data-e-type=\"widget\" data-settings=\"{&quot;_animation&quot;:&quot;fadeInRight&quot;}\" data-widget_type=\"divider.default\">\n\t\t\t\t<div class=\"elementor-widget-container\">\n\t\t\t\t\t\t\t<div class=\"elementor-divider\">\n\t\t\t<span class=\"elementor-divider-separator\">\n\t\t\t\t\t\t<\/span>\n\t\t<\/div>\n\t\t\t\t\t\t<\/div>\n\t\t\t\t<\/div>\n\t\t\t\t<section class=\"elementor-section elementor-inner-section elementor-element elementor-element-e7ff9de elementor-section-content-middle elementor-section-boxed elementor-section-height-default elementor-section-height-default\" data-id=\"e7ff9de\" data-element_type=\"section\" data-e-type=\"section\" data-settings=\"{&quot;jet_parallax_layout_list&quot;:[{&quot;jet_parallax_layout_image&quot;:{&quot;url&quot;:&quot;&quot;,&quot;id&quot;:&quot;&quot;,&quot;size&quot;:&quot;&quot;},&quot;_id&quot;:&quot;0ef7de9&quot;,&quot;jet_parallax_layout_image_tablet&quot;:{&quot;url&quot;:&quot;&quot;,&quot;id&quot;:&quot;&quot;,&quot;size&quot;:&quot;&quot;},&quot;jet_parallax_layout_image_mobile&quot;:{&quot;url&quot;:&quot;&quot;,&quot;id&quot;:&quot;&quot;,&quot;size&quot;:&quot;&quot;},&quot;jet_parallax_layout_speed&quot;:{&quot;unit&quot;:&quot;%&quot;,&quot;size&quot;:50,&quot;sizes&quot;:[]},&quot;jet_parallax_layout_type&quot;:&quot;scroll&quot;,&quot;jet_parallax_layout_direction&quot;:&quot;1&quot;,&quot;jet_parallax_layout_fx_direction&quot;:null,&quot;jet_parallax_layout_z_index&quot;:&quot;&quot;,&quot;jet_parallax_layout_bg_x&quot;:50,&quot;jet_parallax_layout_bg_x_tablet&quot;:&quot;&quot;,&quot;jet_parallax_layout_bg_x_mobile&quot;:&quot;&quot;,&quot;jet_parallax_layout_bg_y&quot;:50,&quot;jet_parallax_layout_bg_y_tablet&quot;:&quot;&quot;,&quot;jet_parallax_layout_bg_y_mobile&quot;:&quot;&quot;,&quot;jet_parallax_layout_bg_size&quot;:&quot;auto&quot;,&quot;jet_parallax_layout_bg_size_tablet&quot;:&quot;&quot;,&quot;jet_parallax_layout_bg_size_mobile&quot;:&quot;&quot;,&quot;jet_parallax_layout_animation_prop&quot;:&quot;transform&quot;,&quot;jet_parallax_layout_on&quot;:[&quot;desktop&quot;,&quot;tablet&quot;]}]}\">\n\t\t\t\t\t\t<div class=\"elementor-container elementor-column-gap-default\">\n\t\t\t\t\t<div class=\"elementor-column elementor-col-33 elementor-inner-column elementor-element elementor-element-1584477\" data-id=\"1584477\" data-element_type=\"column\" data-e-type=\"column\">\n\t\t\t<div class=\"elementor-widget-wrap elementor-element-populated\">\n\t\t\t\t\t\t<div class=\"elementor-element elementor-element-bce9d9e elementor-position-top elementor-widget elementor-widget-image-box\" data-id=\"bce9d9e\" data-element_type=\"widget\" data-e-type=\"widget\" data-widget_type=\"image-box.default\">\n\t\t\t\t<div class=\"elementor-widget-container\">\n\t\t\t\t\t<div class=\"elementor-image-box-wrapper\"><figure class=\"elementor-image-box-img\"><a href=\"https:\/\/autonhome.fr\/\" target=\"_blank\" tabindex=\"-1\"><img fetchpriority=\"high\" decoding=\"async\" width=\"2948\" height=\"1956\" src=\"https:\/\/www.k2outdoor-annecy.com\/wp-content\/uploads\/2021\/03\/autonhome.png\" class=\"attachment-full size-full wp-image-1674\" alt=\"autonhome\" srcset=\"https:\/\/www.k2outdoor-annecy.com\/wp-content\/uploads\/2021\/03\/autonhome.png 2948w, https:\/\/www.k2outdoor-annecy.com\/wp-content\/uploads\/2021\/03\/autonhome-300x199.png 300w, https:\/\/www.k2outdoor-annecy.com\/wp-content\/uploads\/2021\/03\/autonhome-1024x679.png 1024w, https:\/\/www.k2outdoor-annecy.com\/wp-content\/uploads\/2021\/03\/autonhome-768x510.png 768w, https:\/\/www.k2outdoor-annecy.com\/wp-content\/uploads\/2021\/03\/autonhome-1536x1019.png 1536w, https:\/\/www.k2outdoor-annecy.com\/wp-content\/uploads\/2021\/03\/autonhome-2048x1359.png 2048w, https:\/\/www.k2outdoor-annecy.com\/wp-content\/uploads\/2021\/03\/autonhome-600x398.png 600w\" sizes=\"(max-width: 2948px) 100vw, 2948px\" \/><\/a><\/figure><div class=\"elementor-image-box-content\"><h3 class=\"elementor-image-box-title\"><a href=\"https:\/\/autonhome.fr\/\" target=\"_blank\">Auto\u2019n\u2019home<\/a><\/h3><p class=\"elementor-image-box-description\">Location de campervans am\u00e9nag\u00e9s en bois, bas\u00e9e tout pr\u00e8s d\u2019Annecy. Location pour un week-end ou plus.<\/p><\/div><\/div>\t\t\t\t<\/div>\n\t\t\t\t<\/div>\n\t\t\t\t\t<\/div>\n\t\t<\/div>\n\t\t\t\t<div class=\"elementor-column elementor-col-33 elementor-inner-column elementor-element elementor-element-c7298da\" data-id=\"c7298da\" data-element_type=\"column\" data-e-type=\"column\">\n\t\t\t<div class=\"elementor-widget-wrap elementor-element-populated\">\n\t\t\t\t\t\t<div class=\"elementor-element elementor-element-10608d3 elementor-position-top elementor-widget elementor-widget-image-box\" data-id=\"10608d3\" data-element_type=\"widget\" data-e-type=\"widget\" data-widget_type=\"image-box.default\">\n\t\t\t\t<div class=\"elementor-widget-container\">\n\t\t\t\t\t<div class=\"elementor-image-box-wrapper\"><figure class=\"elementor-image-box-img\"><a href=\"https:\/\/www.fort-de-tamie.com\/\" target=\"_blank\" tabindex=\"-1\"><img decoding=\"async\" width=\"403\" height=\"421\" src=\"https:\/\/www.k2outdoor-annecy.com\/wp-content\/uploads\/2021\/03\/fortdetamie.png\" class=\"attachment-full size-full wp-image-1681\" alt=\"\" srcset=\"https:\/\/www.k2outdoor-annecy.com\/wp-content\/uploads\/2021\/03\/fortdetamie.png 403w, https:\/\/www.k2outdoor-annecy.com\/wp-content\/uploads\/2021\/03\/fortdetamie-287x300.png 287w\" sizes=\"(max-width: 403px) 100vw, 403px\" \/><\/a><\/figure><div class=\"elementor-image-box-content\"><h3 class=\"elementor-image-box-title\"><a href=\"https:\/\/www.fort-de-tamie.com\/\" target=\"_blank\">Fort de Tami\u00e9<\/a><\/h3><p class=\"elementor-image-box-description\">10 parcours acrobatiques et 100 ateliers ludiques et vertigineux sur 1000 m2, situ\u00e9 dans le Parc naturel r\u00e9gional du Massif des Bauges.<\/p><\/div><\/div>\t\t\t\t<\/div>\n\t\t\t\t<\/div>\n\t\t\t\t\t<\/div>\n\t\t<\/div>\n\t\t\t\t<div class=\"elementor-column elementor-col-33 elementor-inner-column elementor-element elementor-element-4b6c38c\" data-id=\"4b6c38c\" data-element_type=\"column\" data-e-type=\"column\">\n\t\t\t<div class=\"elementor-widget-wrap elementor-element-populated\">\n\t\t\t\t\t\t<div class=\"elementor-element elementor-element-6214fae elementor-position-top elementor-widget elementor-widget-image-box\" data-id=\"6214fae\" data-element_type=\"widget\" data-e-type=\"widget\" data-widget_type=\"image-box.default\">\n\t\t\t\t<div class=\"elementor-widget-container\">\n\t\t\t\t\t<div class=\"elementor-image-box-wrapper\"><figure class=\"elementor-image-box-img\"><a href=\"https:\/\/federation.ffvl.fr\/\" target=\"_blank\" tabindex=\"-1\"><img decoding=\"async\" width=\"170\" height=\"170\" src=\"https:\/\/www.k2outdoor-annecy.com\/wp-content\/uploads\/2021\/03\/FFVL_3.png\" class=\"attachment-full size-full wp-image-1693\" alt=\"\" srcset=\"https:\/\/www.k2outdoor-annecy.com\/wp-content\/uploads\/2021\/03\/FFVL_3.png 170w, https:\/\/www.k2outdoor-annecy.com\/wp-content\/uploads\/2021\/03\/FFVL_3-150x150.png 150w\" sizes=\"(max-width: 170px) 100vw, 170px\" \/><\/a><\/figure><div class=\"elementor-image-box-content\"><h3 class=\"elementor-image-box-title\"><a href=\"https:\/\/federation.ffvl.fr\/\" target=\"_blank\">FFVL<\/a><\/h3><p class=\"elementor-image-box-description\">F\u00e9d\u00e9ration Fran\u00e7aise de vol Libre<\/p><\/div><\/div>\t\t\t\t<\/div>\n\t\t\t\t<\/div>\n\t\t\t\t\t<\/div>\n\t\t<\/div>\n\t\t\t\t\t<\/div>\n\t\t<\/section>\n\t\t\t\t<section class=\"elementor-section elementor-inner-section elementor-element elementor-element-ab8fc8b elementor-section-content-middle elementor-section-boxed elementor-section-height-default elementor-section-height-default\" data-id=\"ab8fc8b\" data-element_type=\"section\" data-e-type=\"section\" data-settings=\"{&quot;jet_parallax_layout_list&quot;:[{&quot;jet_parallax_layout_image&quot;:{&quot;url&quot;:&quot;&quot;,&quot;id&quot;:&quot;&quot;,&quot;size&quot;:&quot;&quot;},&quot;_id&quot;:&quot;0ef7de9&quot;,&quot;jet_parallax_layout_image_tablet&quot;:{&quot;url&quot;:&quot;&quot;,&quot;id&quot;:&quot;&quot;,&quot;size&quot;:&quot;&quot;},&quot;jet_parallax_layout_image_mobile&quot;:{&quot;url&quot;:&quot;&quot;,&quot;id&quot;:&quot;&quot;,&quot;size&quot;:&quot;&quot;},&quot;jet_parallax_layout_speed&quot;:{&quot;unit&quot;:&quot;%&quot;,&quot;size&quot;:50,&quot;sizes&quot;:[]},&quot;jet_parallax_layout_type&quot;:&quot;scroll&quot;,&quot;jet_parallax_layout_direction&quot;:&quot;1&quot;,&quot;jet_parallax_layout_fx_direction&quot;:null,&quot;jet_parallax_layout_z_index&quot;:&quot;&quot;,&quot;jet_parallax_layout_bg_x&quot;:50,&quot;jet_parallax_layout_bg_x_tablet&quot;:&quot;&quot;,&quot;jet_parallax_layout_bg_x_mobile&quot;:&quot;&quot;,&quot;jet_parallax_layout_bg_y&quot;:50,&quot;jet_parallax_layout_bg_y_tablet&quot;:&quot;&quot;,&quot;jet_parallax_layout_bg_y_mobile&quot;:&quot;&quot;,&quot;jet_parallax_layout_bg_size&quot;:&quot;auto&quot;,&quot;jet_parallax_layout_bg_size_tablet&quot;:&quot;&quot;,&quot;jet_parallax_layout_bg_size_mobile&quot;:&quot;&quot;,&quot;jet_parallax_layout_animation_prop&quot;:&quot;transform&quot;,&quot;jet_parallax_layout_on&quot;:[&quot;desktop&quot;,&quot;tablet&quot;]}]}\">\n\t\t\t\t\t\t<div class=\"elementor-container elementor-column-gap-default\">\n\t\t\t\t\t<div class=\"elementor-column elementor-col-33 elementor-inner-column elementor-element elementor-element-b1762f5\" data-id=\"b1762f5\" data-element_type=\"column\" data-e-type=\"column\">\n\t\t\t<div class=\"elementor-widget-wrap elementor-element-populated\">\n\t\t\t\t\t\t<div class=\"elementor-element elementor-element-a88ab2a elementor-position-top elementor-widget elementor-widget-image-box\" data-id=\"a88ab2a\" data-element_type=\"widget\" data-e-type=\"widget\" data-widget_type=\"image-box.default\">\n\t\t\t\t<div class=\"elementor-widget-container\">\n\t\t\t\t\t<div class=\"elementor-image-box-wrapper\"><figure class=\"elementor-image-box-img\"><a href=\"https:\/\/www.lac-annecy.com\/\" target=\"_blank\" tabindex=\"-1\"><img loading=\"lazy\" decoding=\"async\" width=\"512\" height=\"512\" src=\"https:\/\/www.k2outdoor-annecy.com\/wp-content\/uploads\/2021\/03\/4gYLztk.jpg\" class=\"attachment-full size-full wp-image-1694\" alt=\"\" srcset=\"https:\/\/www.k2outdoor-annecy.com\/wp-content\/uploads\/2021\/03\/4gYLztk.jpg 512w, https:\/\/www.k2outdoor-annecy.com\/wp-content\/uploads\/2021\/03\/4gYLztk-300x300.jpg 300w, https:\/\/www.k2outdoor-annecy.com\/wp-content\/uploads\/2021\/03\/4gYLztk-150x150.jpg 150w, https:\/\/www.k2outdoor-annecy.com\/wp-content\/uploads\/2021\/03\/4gYLztk-230x230.jpg 230w, https:\/\/www.k2outdoor-annecy.com\/wp-content\/uploads\/2021\/03\/4gYLztk-400x400.jpg 400w\" sizes=\"(max-width: 512px) 100vw, 512px\" \/><\/a><\/figure><div class=\"elementor-image-box-content\"><h3 class=\"elementor-image-box-title\"><a href=\"https:\/\/www.lac-annecy.com\/\" target=\"_blank\">Office de Tourisme du lac d\u2019Annecy<\/a><\/h3><p class=\"elementor-image-box-description\">D\u00e9couvrir le lac d'Annecy, ses richesses culturelles et patrimoniales, ses activit\u00e9s sportives, ses march\u00e9s<\/p><\/div><\/div>\t\t\t\t<\/div>\n\t\t\t\t<\/div>\n\t\t\t\t\t<\/div>\n\t\t<\/div>\n\t\t\t\t<div class=\"elementor-column elementor-col-33 elementor-inner-column elementor-element elementor-element-0d32351\" data-id=\"0d32351\" data-element_type=\"column\" data-e-type=\"column\">\n\t\t\t<div class=\"elementor-widget-wrap elementor-element-populated\">\n\t\t\t\t\t\t<div class=\"elementor-element elementor-element-19aec0b elementor-position-top elementor-widget elementor-widget-image-box\" data-id=\"19aec0b\" data-element_type=\"widget\" data-e-type=\"widget\" data-widget_type=\"image-box.default\">\n\t\t\t\t<div class=\"elementor-widget-container\">\n\t\t\t\t\t<div class=\"elementor-image-box-wrapper\"><figure class=\"elementor-image-box-img\"><a href=\"https:\/\/www.savoie-mont-blanc.com\/\" target=\"_blank\" tabindex=\"-1\"><img loading=\"lazy\" decoding=\"async\" width=\"328\" height=\"54\" src=\"https:\/\/www.k2outdoor-annecy.com\/wp-content\/uploads\/2021\/03\/nouveau_logo_smb.jpg\" class=\"attachment-full size-full wp-image-1695\" alt=\"\" srcset=\"https:\/\/www.k2outdoor-annecy.com\/wp-content\/uploads\/2021\/03\/nouveau_logo_smb.jpg 328w, https:\/\/www.k2outdoor-annecy.com\/wp-content\/uploads\/2021\/03\/nouveau_logo_smb-300x49.jpg 300w\" sizes=\"(max-width: 328px) 100vw, 328px\" \/><\/a><\/figure><div class=\"elementor-image-box-content\"><h3 class=\"elementor-image-box-title\"><a href=\"https:\/\/www.savoie-mont-blanc.com\/\" target=\"_blank\">Savoie Mont Blanc Tourisme <\/a><\/h3><p class=\"elementor-image-box-description\">D\u00e9couvrir La Savoie et la Haute-Savoie, le lac d'Annecy, les activit\u00e9s touristiques, les stations, le patrimoine et les sites naturels<\/p><\/div><\/div>\t\t\t\t<\/div>\n\t\t\t\t<\/div>\n\t\t\t\t\t<\/div>\n\t\t<\/div>\n\t\t\t\t<div class=\"elementor-column elementor-col-33 elementor-inner-column elementor-element elementor-element-926eaae\" data-id=\"926eaae\" data-element_type=\"column\" data-e-type=\"column\">\n\t\t\t<div class=\"elementor-widget-wrap elementor-element-populated\">\n\t\t\t\t\t\t<div class=\"elementor-element elementor-element-d269f67 elementor-position-top elementor-widget elementor-widget-image-box\" data-id=\"d269f67\" data-element_type=\"widget\" data-e-type=\"widget\" data-widget_type=\"image-box.default\">\n\t\t\t\t<div class=\"elementor-widget-container\">\n\t\t\t\t\t<div class=\"elementor-image-box-wrapper\"><figure class=\"elementor-image-box-img\"><a href=\"https:\/\/www.sources-lac-annecy.com\/\" target=\"_blank\" tabindex=\"-1\"><img loading=\"lazy\" decoding=\"async\" width=\"260\" height=\"73\" src=\"https:\/\/www.k2outdoor-annecy.com\/wp-content\/uploads\/2021\/03\/sources-du-lac.png\" class=\"attachment-full size-full wp-image-1700\" alt=\"\" \/><\/a><\/figure><div class=\"elementor-image-box-content\"><h3 class=\"elementor-image-box-title\"><a href=\"https:\/\/www.sources-lac-annecy.com\/\" target=\"_blank\">Office de Tourisme \"Sources du Lac d'Annecy\"<\/a><\/h3><p class=\"elementor-image-box-description\">D\u00e9couvrir les villages et les sites naturels de la communaut\u00e9 de communes des Sources du lac d'Annecy, h\u00e9bergements, vacances, sports, \u00e9v\u00e9nements\u2026<\/p><\/div><\/div>\t\t\t\t<\/div>\n\t\t\t\t<\/div>\n\t\t\t\t\t<\/div>\n\t\t<\/div>\n\t\t\t\t\t<\/div>\n\t\t<\/section>\n\t\t\t\t<section class=\"elementor-section elementor-inner-section elementor-element elementor-element-5e77e10 elementor-section-content-top elementor-section-boxed elementor-section-height-default elementor-section-height-default\" data-id=\"5e77e10\" data-element_type=\"section\" data-e-type=\"section\" data-settings=\"{&quot;jet_parallax_layout_list&quot;:[{&quot;jet_parallax_layout_image&quot;:{&quot;url&quot;:&quot;&quot;,&quot;id&quot;:&quot;&quot;,&quot;size&quot;:&quot;&quot;},&quot;_id&quot;:&quot;0ef7de9&quot;,&quot;jet_parallax_layout_image_tablet&quot;:{&quot;url&quot;:&quot;&quot;,&quot;id&quot;:&quot;&quot;,&quot;size&quot;:&quot;&quot;},&quot;jet_parallax_layout_image_mobile&quot;:{&quot;url&quot;:&quot;&quot;,&quot;id&quot;:&quot;&quot;,&quot;size&quot;:&quot;&quot;},&quot;jet_parallax_layout_speed&quot;:{&quot;unit&quot;:&quot;%&quot;,&quot;size&quot;:50,&quot;sizes&quot;:[]},&quot;jet_parallax_layout_type&quot;:&quot;scroll&quot;,&quot;jet_parallax_layout_direction&quot;:&quot;1&quot;,&quot;jet_parallax_layout_fx_direction&quot;:null,&quot;jet_parallax_layout_z_index&quot;:&quot;&quot;,&quot;jet_parallax_layout_bg_x&quot;:50,&quot;jet_parallax_layout_bg_x_tablet&quot;:&quot;&quot;,&quot;jet_parallax_layout_bg_x_mobile&quot;:&quot;&quot;,&quot;jet_parallax_layout_bg_y&quot;:50,&quot;jet_parallax_layout_bg_y_tablet&quot;:&quot;&quot;,&quot;jet_parallax_layout_bg_y_mobile&quot;:&quot;&quot;,&quot;jet_parallax_layout_bg_size&quot;:&quot;auto&quot;,&quot;jet_parallax_layout_bg_size_tablet&quot;:&quot;&quot;,&quot;jet_parallax_layout_bg_size_mobile&quot;:&quot;&quot;,&quot;jet_parallax_layout_animation_prop&quot;:&quot;transform&quot;,&quot;jet_parallax_layout_on&quot;:[&quot;desktop&quot;,&quot;tablet&quot;]}]}\">\n\t\t\t\t\t\t<div class=\"elementor-container elementor-column-gap-default\">\n\t\t\t\t\t<div class=\"elementor-column elementor-col-33 elementor-inner-column elementor-element elementor-element-b419a45\" data-id=\"b419a45\" data-element_type=\"column\" data-e-type=\"column\">\n\t\t\t<div class=\"elementor-widget-wrap elementor-element-populated\">\n\t\t\t\t\t\t<div class=\"elementor-element elementor-element-dfe4cf4 elementor-position-top elementor-widget elementor-widget-image-box\" data-id=\"dfe4cf4\" data-element_type=\"widget\" data-e-type=\"widget\" data-widget_type=\"image-box.default\">\n\t\t\t\t<div class=\"elementor-widget-container\">\n\t\t\t\t\t<div class=\"elementor-image-box-wrapper\"><figure class=\"elementor-image-box-img\"><a href=\"http:\/\/www.lachavane.fr\/\" target=\"_blank\" tabindex=\"-1\"><img loading=\"lazy\" decoding=\"async\" width=\"379\" height=\"215\" src=\"https:\/\/www.k2outdoor-annecy.com\/wp-content\/uploads\/2021\/03\/chavane.jpg\" class=\"attachment-full size-full wp-image-1677\" alt=\"\" srcset=\"https:\/\/www.k2outdoor-annecy.com\/wp-content\/uploads\/2021\/03\/chavane.jpg 379w, https:\/\/www.k2outdoor-annecy.com\/wp-content\/uploads\/2021\/03\/chavane-300x170.jpg 300w, https:\/\/www.k2outdoor-annecy.com\/wp-content\/uploads\/2021\/03\/chavane-150x85.jpg 150w\" sizes=\"(max-width: 379px) 100vw, 379px\" \/><\/a><\/figure><div class=\"elementor-image-box-content\"><h3 class=\"elementor-image-box-title\"><a href=\"http:\/\/www.lachavane.fr\/\" target=\"_blank\">Chambres d\u2019h\u00f4tes La Chavane du Plan<\/a><\/h3><p class=\"elementor-image-box-description\">Benoit et Catherine vous accueilleront dans une ambiance chaleureuse et conviviale, dans le hameau de Plan Montmin, \u00e0 2 mn \u00e0 pied de l\u2019\u00e9cole K2 Parapente. 4 chambres.<\/p><\/div><\/div>\t\t\t\t<\/div>\n\t\t\t\t<\/div>\n\t\t\t\t\t<\/div>\n\t\t<\/div>\n\t\t\t\t<div class=\"elementor-column elementor-col-33 elementor-inner-column elementor-element elementor-element-fbe4b58\" data-id=\"fbe4b58\" data-element_type=\"column\" data-e-type=\"column\">\n\t\t\t<div class=\"elementor-widget-wrap elementor-element-populated\">\n\t\t\t\t\t\t<div class=\"elementor-element elementor-element-0820144 elementor-position-top elementor-widget elementor-widget-image-box\" data-id=\"0820144\" data-element_type=\"widget\" data-e-type=\"widget\" data-widget_type=\"image-box.default\">\n\t\t\t\t<div class=\"elementor-widget-container\">\n\t\t\t\t\t<div class=\"elementor-image-box-wrapper\"><figure class=\"elementor-image-box-img\"><a href=\"mailto:raphael.mignard@laposte.net\" tabindex=\"-1\"><img loading=\"lazy\" decoding=\"async\" width=\"430\" height=\"236\" src=\"https:\/\/www.k2outdoor-annecy.com\/wp-content\/uploads\/2021\/03\/framboisier.jpg\" class=\"attachment-full size-full wp-image-1682\" alt=\"\" srcset=\"https:\/\/www.k2outdoor-annecy.com\/wp-content\/uploads\/2021\/03\/framboisier.jpg 430w, https:\/\/www.k2outdoor-annecy.com\/wp-content\/uploads\/2021\/03\/framboisier-300x165.jpg 300w\" sizes=\"(max-width: 430px) 100vw, 430px\" \/><\/a><\/figure><div class=\"elementor-image-box-content\"><h3 class=\"elementor-image-box-title\"><a href=\"mailto:raphael.mignard@laposte.net\">Chambres d\u2019h\u00f4tes Le Framboisier<\/a><\/h3><p class=\"elementor-image-box-description\">Benoit et Catherine vous accueilleront dans une ambiance chaleureuse et conviviale, dans le hameau de Plan Montmin, \u00e0 2 mn \u00e0 pied de l\u2019\u00e9cole K2 Parapente. 4 chambres.\nContact : raphael.mignard@laposte.net<\/p><\/div><\/div>\t\t\t\t<\/div>\n\t\t\t\t<\/div>\n\t\t\t\t\t<\/div>\n\t\t<\/div>\n\t\t\t\t<div class=\"elementor-column elementor-col-33 elementor-inner-column elementor-element elementor-element-bf20536\" data-id=\"bf20536\" data-element_type=\"column\" data-e-type=\"column\">\n\t\t\t<div class=\"elementor-widget-wrap elementor-element-populated\">\n\t\t\t\t\t\t<div class=\"elementor-element elementor-element-6881f3c elementor-position-top elementor-widget elementor-widget-image-box\" data-id=\"6881f3c\" data-element_type=\"widget\" data-e-type=\"widget\" data-widget_type=\"image-box.default\">\n\t\t\t\t<div class=\"elementor-widget-container\">\n\t\t\t\t\t<div class=\"elementor-image-box-wrapper\"><figure class=\"elementor-image-box-img\"><a href=\"mailto:forclazferme@orange.fr\" tabindex=\"-1\"><img loading=\"lazy\" decoding=\"async\" width=\"373\" height=\"249\" src=\"https:\/\/www.k2outdoor-annecy.com\/wp-content\/uploads\/2021\/03\/laferme.jpg\" class=\"attachment-full size-full wp-image-1684\" alt=\"\" srcset=\"https:\/\/www.k2outdoor-annecy.com\/wp-content\/uploads\/2021\/03\/laferme.jpg 373w, https:\/\/www.k2outdoor-annecy.com\/wp-content\/uploads\/2021\/03\/laferme-300x200.jpg 300w\" sizes=\"(max-width: 373px) 100vw, 373px\" \/><\/a><\/figure><div class=\"elementor-image-box-content\"><h3 class=\"elementor-image-box-title\"><a href=\"mailto:forclazferme@orange.fr\">Studio La Ferme<\/a><\/h3><p class=\"elementor-image-box-description\">Location Studio tout neuf pouvant accueillir jusqu\u2019\u00e0 3 personnes. Contact : forclazferme@orange.fr<\/p><\/div><\/div>\t\t\t\t<\/div>\n\t\t\t\t<\/div>\n\t\t\t\t\t<\/div>\n\t\t<\/div>\n\t\t\t\t\t<\/div>\n\t\t<\/section>\n\t\t\t\t<section class=\"elementor-section elementor-inner-section elementor-element elementor-element-20e8f21 elementor-section-content-top elementor-section-boxed elementor-section-height-default elementor-section-height-default\" data-id=\"20e8f21\" data-element_type=\"section\" data-e-type=\"section\" data-settings=\"{&quot;jet_parallax_layout_list&quot;:[{&quot;jet_parallax_layout_image&quot;:{&quot;url&quot;:&quot;&quot;,&quot;id&quot;:&quot;&quot;,&quot;size&quot;:&quot;&quot;},&quot;_id&quot;:&quot;0ef7de9&quot;,&quot;jet_parallax_layout_image_tablet&quot;:{&quot;url&quot;:&quot;&quot;,&quot;id&quot;:&quot;&quot;,&quot;size&quot;:&quot;&quot;},&quot;jet_parallax_layout_image_mobile&quot;:{&quot;url&quot;:&quot;&quot;,&quot;id&quot;:&quot;&quot;,&quot;size&quot;:&quot;&quot;},&quot;jet_parallax_layout_speed&quot;:{&quot;unit&quot;:&quot;%&quot;,&quot;size&quot;:50,&quot;sizes&quot;:[]},&quot;jet_parallax_layout_type&quot;:&quot;scroll&quot;,&quot;jet_parallax_layout_direction&quot;:&quot;1&quot;,&quot;jet_parallax_layout_fx_direction&quot;:null,&quot;jet_parallax_layout_z_index&quot;:&quot;&quot;,&quot;jet_parallax_layout_bg_x&quot;:50,&quot;jet_parallax_layout_bg_x_tablet&quot;:&quot;&quot;,&quot;jet_parallax_layout_bg_x_mobile&quot;:&quot;&quot;,&quot;jet_parallax_layout_bg_y&quot;:50,&quot;jet_parallax_layout_bg_y_tablet&quot;:&quot;&quot;,&quot;jet_parallax_layout_bg_y_mobile&quot;:&quot;&quot;,&quot;jet_parallax_layout_bg_size&quot;:&quot;auto&quot;,&quot;jet_parallax_layout_bg_size_tablet&quot;:&quot;&quot;,&quot;jet_parallax_layout_bg_size_mobile&quot;:&quot;&quot;,&quot;jet_parallax_layout_animation_prop&quot;:&quot;transform&quot;,&quot;jet_parallax_layout_on&quot;:[&quot;desktop&quot;,&quot;tablet&quot;]}]}\">\n\t\t\t\t\t\t<div class=\"elementor-container elementor-column-gap-default\">\n\t\t\t\t\t<div class=\"elementor-column elementor-col-33 elementor-inner-column elementor-element elementor-element-8df7517\" data-id=\"8df7517\" data-element_type=\"column\" data-e-type=\"column\">\n\t\t\t<div class=\"elementor-widget-wrap elementor-element-populated\">\n\t\t\t\t\t\t<div class=\"elementor-element elementor-element-46c5174 elementor-position-top elementor-widget elementor-widget-image-box\" data-id=\"46c5174\" data-element_type=\"widget\" data-e-type=\"widget\" data-widget_type=\"image-box.default\">\n\t\t\t\t<div class=\"elementor-widget-container\">\n\t\t\t\t\t<div class=\"elementor-image-box-wrapper\"><figure class=\"elementor-image-box-img\"><img loading=\"lazy\" decoding=\"async\" width=\"450\" height=\"330\" src=\"https:\/\/www.k2outdoor-annecy.com\/wp-content\/uploads\/2021\/03\/chezMhudry.jpg\" class=\"attachment-full size-full wp-image-1678\" alt=\"\" srcset=\"https:\/\/www.k2outdoor-annecy.com\/wp-content\/uploads\/2021\/03\/chezMhudry.jpg 450w, https:\/\/www.k2outdoor-annecy.com\/wp-content\/uploads\/2021\/03\/chezMhudry-300x220.jpg 300w\" sizes=\"(max-width: 450px) 100vw, 450px\" \/><\/figure><div class=\"elementor-image-box-content\"><h3 class=\"elementor-image-box-title\">Appartement Chez M. Hudry<\/h3><p class=\"elementor-image-box-description\">Location appartement T4 pouvant accueillir jusqu\u2019\u00e0 8 personnes.<br \/>Contact 04 50 69 16 32\n<\/p><\/div><\/div>\t\t\t\t<\/div>\n\t\t\t\t<\/div>\n\t\t\t\t\t<\/div>\n\t\t<\/div>\n\t\t\t\t<div class=\"elementor-column elementor-col-33 elementor-inner-column elementor-element elementor-element-770a831\" data-id=\"770a831\" data-element_type=\"column\" data-e-type=\"column\">\n\t\t\t<div class=\"elementor-widget-wrap elementor-element-populated\">\n\t\t\t\t\t\t<div class=\"elementor-element elementor-element-961b726 elementor-position-top elementor-widget elementor-widget-image-box\" data-id=\"961b726\" data-element_type=\"widget\" data-e-type=\"widget\" data-widget_type=\"image-box.default\">\n\t\t\t\t<div class=\"elementor-widget-container\">\n\t\t\t\t\t<div class=\"elementor-image-box-wrapper\"><figure class=\"elementor-image-box-img\"><a href=\"http:\/\/leschanterellesmontmin.googlepages.com\/\" target=\"_blank\" tabindex=\"-1\"><img loading=\"lazy\" decoding=\"async\" width=\"379\" height=\"282\" src=\"https:\/\/www.k2outdoor-annecy.com\/wp-content\/uploads\/2021\/03\/chanterelles.jpg\" class=\"attachment-full size-full wp-image-1676\" alt=\"\" srcset=\"https:\/\/www.k2outdoor-annecy.com\/wp-content\/uploads\/2021\/03\/chanterelles.jpg 379w, https:\/\/www.k2outdoor-annecy.com\/wp-content\/uploads\/2021\/03\/chanterelles-300x223.jpg 300w\" sizes=\"(max-width: 379px) 100vw, 379px\" \/><\/a><\/figure><div class=\"elementor-image-box-content\"><h3 class=\"elementor-image-box-title\"><a href=\"http:\/\/leschanterellesmontmin.googlepages.com\/\" target=\"_blank\">Appartement Les Chanterelles<\/a><\/h3><p class=\"elementor-image-box-description\">Location d\u2019un appartement T4 et d\u2019un studio.<\/p><\/div><\/div>\t\t\t\t<\/div>\n\t\t\t\t<\/div>\n\t\t\t\t\t<\/div>\n\t\t<\/div>\n\t\t\t\t<div class=\"elementor-column elementor-col-33 elementor-inner-column elementor-element elementor-element-2b74431\" data-id=\"2b74431\" data-element_type=\"column\" data-e-type=\"column\">\n\t\t\t<div class=\"elementor-widget-wrap elementor-element-populated\">\n\t\t\t\t\t\t<div class=\"elementor-element elementor-element-dbf0c05 elementor-position-top elementor-widget elementor-widget-image-box\" data-id=\"dbf0c05\" data-element_type=\"widget\" data-e-type=\"widget\" data-widget_type=\"image-box.default\">\n\t\t\t\t<div class=\"elementor-widget-container\">\n\t\t\t\t\t<div class=\"elementor-image-box-wrapper\"><figure class=\"elementor-image-box-img\"><a href=\"http:\/\/www.preverel.info\/\" target=\"_blank\" tabindex=\"-1\"><img loading=\"lazy\" decoding=\"async\" width=\"378\" height=\"244\" src=\"https:\/\/www.k2outdoor-annecy.com\/wp-content\/uploads\/2021\/03\/preverel.jpg\" class=\"attachment-full size-full wp-image-1687\" alt=\"\" srcset=\"https:\/\/www.k2outdoor-annecy.com\/wp-content\/uploads\/2021\/03\/preverel.jpg 378w, https:\/\/www.k2outdoor-annecy.com\/wp-content\/uploads\/2021\/03\/preverel-300x194.jpg 300w\" sizes=\"(max-width: 378px) 100vw, 378px\" \/><\/a><\/figure><div class=\"elementor-image-box-content\"><h3 class=\"elementor-image-box-title\"><a href=\"http:\/\/www.preverel.info\/\" target=\"_blank\">Gite Pr\u00e9 Verel<\/a><\/h3><p class=\"elementor-image-box-description\">Refuge au pied de la Tournette, en direction du col de l\u2019Aulp. Lits dortoirs de 35 places, et restaurant tr\u00e8s agr\u00e9able et surprenant.<\/p><\/div><\/div>\t\t\t\t<\/div>\n\t\t\t\t<\/div>\n\t\t\t\t\t<\/div>\n\t\t<\/div>\n\t\t\t\t\t<\/div>\n\t\t<\/section>\n\t\t\t\t<section class=\"elementor-section elementor-inner-section elementor-element elementor-element-a26d71f elementor-section-content-top elementor-section-boxed elementor-section-height-default elementor-section-height-default\" data-id=\"a26d71f\" data-element_type=\"section\" data-e-type=\"section\" data-settings=\"{&quot;jet_parallax_layout_list&quot;:[{&quot;jet_parallax_layout_image&quot;:{&quot;url&quot;:&quot;&quot;,&quot;id&quot;:&quot;&quot;,&quot;size&quot;:&quot;&quot;},&quot;_id&quot;:&quot;0ef7de9&quot;,&quot;jet_parallax_layout_image_tablet&quot;:{&quot;url&quot;:&quot;&quot;,&quot;id&quot;:&quot;&quot;,&quot;size&quot;:&quot;&quot;},&quot;jet_parallax_layout_image_mobile&quot;:{&quot;url&quot;:&quot;&quot;,&quot;id&quot;:&quot;&quot;,&quot;size&quot;:&quot;&quot;},&quot;jet_parallax_layout_speed&quot;:{&quot;unit&quot;:&quot;%&quot;,&quot;size&quot;:50,&quot;sizes&quot;:[]},&quot;jet_parallax_layout_type&quot;:&quot;scroll&quot;,&quot;jet_parallax_layout_direction&quot;:&quot;1&quot;,&quot;jet_parallax_layout_fx_direction&quot;:null,&quot;jet_parallax_layout_z_index&quot;:&quot;&quot;,&quot;jet_parallax_layout_bg_x&quot;:50,&quot;jet_parallax_layout_bg_x_tablet&quot;:&quot;&quot;,&quot;jet_parallax_layout_bg_x_mobile&quot;:&quot;&quot;,&quot;jet_parallax_layout_bg_y&quot;:50,&quot;jet_parallax_layout_bg_y_tablet&quot;:&quot;&quot;,&quot;jet_parallax_layout_bg_y_mobile&quot;:&quot;&quot;,&quot;jet_parallax_layout_bg_size&quot;:&quot;auto&quot;,&quot;jet_parallax_layout_bg_size_tablet&quot;:&quot;&quot;,&quot;jet_parallax_layout_bg_size_mobile&quot;:&quot;&quot;,&quot;jet_parallax_layout_animation_prop&quot;:&quot;transform&quot;,&quot;jet_parallax_layout_on&quot;:[&quot;desktop&quot;,&quot;tablet&quot;]}]}\">\n\t\t\t\t\t\t<div class=\"elementor-container elementor-column-gap-default\">\n\t\t\t\t\t<div class=\"elementor-column elementor-col-33 elementor-inner-column elementor-element elementor-element-84ff5bc\" data-id=\"84ff5bc\" data-element_type=\"column\" data-e-type=\"column\">\n\t\t\t<div class=\"elementor-widget-wrap elementor-element-populated\">\n\t\t\t\t\t\t<div class=\"elementor-element elementor-element-da5bcc7 elementor-position-top elementor-widget elementor-widget-image-box\" data-id=\"da5bcc7\" data-element_type=\"widget\" data-e-type=\"widget\" data-widget_type=\"image-box.default\">\n\t\t\t\t<div class=\"elementor-widget-container\">\n\t\t\t\t\t<div class=\"elementor-image-box-wrapper\"><figure class=\"elementor-image-box-img\"><a href=\"http:\/\/www.maison-de-marie.com\/\" target=\"_blank\" tabindex=\"-1\"><img loading=\"lazy\" decoding=\"async\" width=\"768\" height=\"512\" src=\"https:\/\/www.k2outdoor-annecy.com\/wp-content\/uploads\/2021\/03\/maison-de-marie.jpg\" class=\"attachment-full size-full wp-image-1686\" alt=\"\" srcset=\"https:\/\/www.k2outdoor-annecy.com\/wp-content\/uploads\/2021\/03\/maison-de-marie.jpg 768w, https:\/\/www.k2outdoor-annecy.com\/wp-content\/uploads\/2021\/03\/maison-de-marie-300x200.jpg 300w, https:\/\/www.k2outdoor-annecy.com\/wp-content\/uploads\/2021\/03\/maison-de-marie-600x400.jpg 600w\" sizes=\"(max-width: 768px) 100vw, 768px\" \/><\/a><\/figure><div class=\"elementor-image-box-content\"><h3 class=\"elementor-image-box-title\"><a href=\"http:\/\/www.maison-de-marie.com\/\" target=\"_blank\">Chambre d\u2019h\u00f4te La Maison de Marie<\/a><\/h3><p class=\"elementor-image-box-description\">A 15 mn de l\u2019\u00e9cole K2 Parapente, vous \u00eates accueillis en chambres d\u2019h\u00f4tes de 2 \u00e0 3 personnes.\n\u00c9galement disponibles des appartements de 3 et 5 pers. dans la m\u00eame maison.\n<\/p><\/div><\/div>\t\t\t\t<\/div>\n\t\t\t\t<\/div>\n\t\t\t\t\t<\/div>\n\t\t<\/div>\n\t\t\t\t<div class=\"elementor-column elementor-col-33 elementor-inner-column elementor-element elementor-element-1dced98\" data-id=\"1dced98\" data-element_type=\"column\" data-e-type=\"column\">\n\t\t\t<div class=\"elementor-widget-wrap elementor-element-populated\">\n\t\t\t\t\t\t<div class=\"elementor-element elementor-element-005d18f elementor-position-top elementor-widget elementor-widget-image-box\" data-id=\"005d18f\" data-element_type=\"widget\" data-e-type=\"widget\" data-widget_type=\"image-box.default\">\n\t\t\t\t<div class=\"elementor-widget-container\">\n\t\t\t\t\t<div class=\"elementor-image-box-wrapper\"><figure class=\"elementor-image-box-img\"><a href=\"http:\/\/www.auberge-blanche.com\/\" target=\"_blank\" tabindex=\"-1\"><img loading=\"lazy\" decoding=\"async\" width=\"768\" height=\"514\" src=\"https:\/\/www.k2outdoor-annecy.com\/wp-content\/uploads\/2021\/03\/auberge-blanche.jpg\" class=\"attachment-full size-full wp-image-1673\" alt=\"\" srcset=\"https:\/\/www.k2outdoor-annecy.com\/wp-content\/uploads\/2021\/03\/auberge-blanche.jpg 768w, https:\/\/www.k2outdoor-annecy.com\/wp-content\/uploads\/2021\/03\/auberge-blanche-300x201.jpg 300w, https:\/\/www.k2outdoor-annecy.com\/wp-content\/uploads\/2021\/03\/auberge-blanche-600x402.jpg 600w\" sizes=\"(max-width: 768px) 100vw, 768px\" \/><\/a><\/figure><div class=\"elementor-image-box-content\"><h3 class=\"elementor-image-box-title\"><a href=\"http:\/\/www.auberge-blanche.com\/\" target=\"_blank\">Appartements L\u2019auberge blanche<\/a><\/h3><p class=\"elementor-image-box-description\">A 10 mn de l\u2019\u00e9cole K2 Parapente, studios ou appartements meubl\u00e9s de 2 \u00e0 4 pers, situ\u00e9s \u00e0 Vesonne, sur la route du d\u00e9collage de la Forclaz.<\/p><\/div><\/div>\t\t\t\t<\/div>\n\t\t\t\t<\/div>\n\t\t\t\t\t<\/div>\n\t\t<\/div>\n\t\t\t\t<div class=\"elementor-column elementor-col-33 elementor-inner-column elementor-element elementor-element-1b00e63\" data-id=\"1b00e63\" data-element_type=\"column\" data-e-type=\"column\">\n\t\t\t<div class=\"elementor-widget-wrap elementor-element-populated\">\n\t\t\t\t\t\t<div class=\"elementor-element elementor-element-655842d elementor-position-top elementor-widget elementor-widget-image-box\" data-id=\"655842d\" data-element_type=\"widget\" data-e-type=\"widget\" data-widget_type=\"image-box.default\">\n\t\t\t\t<div class=\"elementor-widget-container\">\n\t\t\t\t\t<div class=\"elementor-image-box-wrapper\"><figure class=\"elementor-image-box-img\"><a href=\"http:\/\/www.le-birdie.com\/\" target=\"_blank\" tabindex=\"-1\"><img loading=\"lazy\" decoding=\"async\" width=\"1300\" height=\"500\" src=\"https:\/\/www.k2outdoor-annecy.com\/wp-content\/uploads\/2021\/03\/birdie.jpg\" class=\"attachment-full size-full wp-image-1675\" alt=\"\" srcset=\"https:\/\/www.k2outdoor-annecy.com\/wp-content\/uploads\/2021\/03\/birdie.jpg 1300w, https:\/\/www.k2outdoor-annecy.com\/wp-content\/uploads\/2021\/03\/birdie-300x115.jpg 300w, https:\/\/www.k2outdoor-annecy.com\/wp-content\/uploads\/2021\/03\/birdie-1024x394.jpg 1024w, https:\/\/www.k2outdoor-annecy.com\/wp-content\/uploads\/2021\/03\/birdie-768x295.jpg 768w, https:\/\/www.k2outdoor-annecy.com\/wp-content\/uploads\/2021\/03\/birdie-600x231.jpg 600w\" sizes=\"(max-width: 1300px) 100vw, 1300px\" \/><\/a><\/figure><div class=\"elementor-image-box-content\"><h3 class=\"elementor-image-box-title\"><a href=\"http:\/\/www.le-birdie.com\/\" target=\"_blank\">R\u00e9sidence de vacances Le Birdie<\/a><\/h3><p class=\"elementor-image-box-description\">Situ\u00e9e \u00e0 Giez, \u00e0 30 minutes de l\u2019\u00e9cole K2 parapente, village m\u00e9di\u00e9val class\u00e9. La r\u00e9sidence b\u00e9n\u00e9ficie du cadre verdoyant du golf international de Giez (27 trous), piscine int\u00e9rieure et plein air, tennis, aire de jeux.<\/p><\/div><\/div>\t\t\t\t<\/div>\n\t\t\t\t<\/div>\n\t\t\t\t\t<\/div>\n\t\t<\/div>\n\t\t\t\t\t<\/div>\n\t\t<\/section>\n\t\t\t\t<section class=\"elementor-section elementor-inner-section elementor-element elementor-element-32fa19e elementor-section-content-top elementor-section-boxed elementor-section-height-default elementor-section-height-default\" data-id=\"32fa19e\" data-element_type=\"section\" data-e-type=\"section\" data-settings=\"{&quot;jet_parallax_layout_list&quot;:[{&quot;jet_parallax_layout_image&quot;:{&quot;url&quot;:&quot;&quot;,&quot;id&quot;:&quot;&quot;,&quot;size&quot;:&quot;&quot;},&quot;_id&quot;:&quot;0ef7de9&quot;,&quot;jet_parallax_layout_image_tablet&quot;:{&quot;url&quot;:&quot;&quot;,&quot;id&quot;:&quot;&quot;,&quot;size&quot;:&quot;&quot;},&quot;jet_parallax_layout_image_mobile&quot;:{&quot;url&quot;:&quot;&quot;,&quot;id&quot;:&quot;&quot;,&quot;size&quot;:&quot;&quot;},&quot;jet_parallax_layout_speed&quot;:{&quot;unit&quot;:&quot;%&quot;,&quot;size&quot;:50,&quot;sizes&quot;:[]},&quot;jet_parallax_layout_type&quot;:&quot;scroll&quot;,&quot;jet_parallax_layout_direction&quot;:&quot;1&quot;,&quot;jet_parallax_layout_fx_direction&quot;:null,&quot;jet_parallax_layout_z_index&quot;:&quot;&quot;,&quot;jet_parallax_layout_bg_x&quot;:50,&quot;jet_parallax_layout_bg_x_tablet&quot;:&quot;&quot;,&quot;jet_parallax_layout_bg_x_mobile&quot;:&quot;&quot;,&quot;jet_parallax_layout_bg_y&quot;:50,&quot;jet_parallax_layout_bg_y_tablet&quot;:&quot;&quot;,&quot;jet_parallax_layout_bg_y_mobile&quot;:&quot;&quot;,&quot;jet_parallax_layout_bg_size&quot;:&quot;auto&quot;,&quot;jet_parallax_layout_bg_size_tablet&quot;:&quot;&quot;,&quot;jet_parallax_layout_bg_size_mobile&quot;:&quot;&quot;,&quot;jet_parallax_layout_animation_prop&quot;:&quot;transform&quot;,&quot;jet_parallax_layout_on&quot;:[&quot;desktop&quot;,&quot;tablet&quot;]}]}\">\n\t\t\t\t\t\t<div class=\"elementor-container elementor-column-gap-default\">\n\t\t\t\t\t<div class=\"elementor-column elementor-col-33 elementor-inner-column elementor-element elementor-element-55aa77b\" data-id=\"55aa77b\" data-element_type=\"column\" data-e-type=\"column\">\n\t\t\t<div class=\"elementor-widget-wrap elementor-element-populated\">\n\t\t\t\t\t\t<div class=\"elementor-element elementor-element-715f612 elementor-position-top elementor-widget elementor-widget-image-box\" data-id=\"715f612\" data-element_type=\"widget\" data-e-type=\"widget\" data-widget_type=\"image-box.default\">\n\t\t\t\t<div class=\"elementor-widget-container\">\n\t\t\t\t\t<div class=\"elementor-image-box-wrapper\"><figure class=\"elementor-image-box-img\"><a href=\"https:\/\/www.hotedesavoie.fr\/\" target=\"_blank\" tabindex=\"-1\"><img loading=\"lazy\" decoding=\"async\" width=\"300\" height=\"214\" src=\"https:\/\/www.k2outdoor-annecy.com\/wp-content\/uploads\/2021\/03\/hotesdesavoie.png\" class=\"attachment-full size-full wp-image-1683\" alt=\"\" \/><\/a><\/figure><div class=\"elementor-image-box-content\"><h3 class=\"elementor-image-box-title\"><a href=\"https:\/\/www.hotedesavoie.fr\/\" target=\"_blank\">Chambres et chalets H\u00f4tes de Savoie<\/a><\/h3><p class=\"elementor-image-box-description\">4 appartements, 2 chalets et 4 chambres, tous meubl\u00e9s et \u00e9quip\u00e9s. \u00e0 30 mn de l\u2019\u00e9cole K2 Parapente.<\/p><\/div><\/div>\t\t\t\t<\/div>\n\t\t\t\t<\/div>\n\t\t\t\t\t<\/div>\n\t\t<\/div>\n\t\t\t\t<div class=\"elementor-column elementor-col-33 elementor-inner-column elementor-element elementor-element-370aa53\" data-id=\"370aa53\" data-element_type=\"column\" data-e-type=\"column\">\n\t\t\t<div class=\"elementor-widget-wrap elementor-element-populated\">\n\t\t\t\t\t\t<div class=\"elementor-element elementor-element-301b2cf elementor-position-top elementor-widget elementor-widget-image-box\" data-id=\"301b2cf\" data-element_type=\"widget\" data-e-type=\"widget\" data-widget_type=\"image-box.default\">\n\t\t\t\t<div class=\"elementor-widget-container\">\n\t\t\t\t\t<div class=\"elementor-image-box-wrapper\"><figure class=\"elementor-image-box-img\"><a href=\"https:\/\/www.rocdechere.com\/\" target=\"_blank\" tabindex=\"-1\"><img loading=\"lazy\" decoding=\"async\" width=\"374\" height=\"245\" src=\"https:\/\/www.k2outdoor-annecy.com\/wp-content\/uploads\/2021\/03\/rocdechere.jpg\" class=\"attachment-full size-full wp-image-1688\" alt=\"\" srcset=\"https:\/\/www.k2outdoor-annecy.com\/wp-content\/uploads\/2021\/03\/rocdechere.jpg 374w, https:\/\/www.k2outdoor-annecy.com\/wp-content\/uploads\/2021\/03\/rocdechere-300x197.jpg 300w\" sizes=\"(max-width: 374px) 100vw, 374px\" \/><\/a><\/figure><div class=\"elementor-image-box-content\"><h3 class=\"elementor-image-box-title\"><a href=\"https:\/\/www.rocdechere.com\/\" target=\"_blank\">Chambres d\u2019h\u00f4tes Le Roc de Cher<\/a><\/h3><p class=\"elementor-image-box-description\">A 15 mn de l\u2019\u00e9cole K2, chambres d\u2019h\u00f4tes de 2 \u00e0 7 personnes ouvertes toute l\u2019ann\u00e9e, Le Roc de Ch\u00e8re est tout proche de l\u2019atterrissage de Planfait.<\/p><\/div><\/div>\t\t\t\t<\/div>\n\t\t\t\t<\/div>\n\t\t\t\t\t<\/div>\n\t\t<\/div>\n\t\t\t\t<div class=\"elementor-column elementor-col-33 elementor-inner-column elementor-element elementor-element-7ce5e50\" data-id=\"7ce5e50\" data-element_type=\"column\" data-e-type=\"column\">\n\t\t\t<div class=\"elementor-widget-wrap elementor-element-populated\">\n\t\t\t\t\t\t<div class=\"elementor-element elementor-element-d626db8 elementor-position-top elementor-widget elementor-widget-image-box\" data-id=\"d626db8\" data-element_type=\"widget\" data-e-type=\"widget\" data-widget_type=\"image-box.default\">\n\t\t\t\t<div class=\"elementor-widget-container\">\n\t\t\t\t\t<div class=\"elementor-image-box-wrapper\"><figure class=\"elementor-image-box-img\"><a href=\"https:\/\/www.lecomptoirdesebastien.com\/fr\/\" target=\"_blank\" tabindex=\"-1\"><img loading=\"lazy\" decoding=\"async\" width=\"768\" height=\"512\" src=\"https:\/\/www.k2outdoor-annecy.com\/wp-content\/uploads\/2021\/03\/comptoirdesebastien.jpg\" class=\"attachment-full size-full wp-image-1679\" alt=\"\" srcset=\"https:\/\/www.k2outdoor-annecy.com\/wp-content\/uploads\/2021\/03\/comptoirdesebastien.jpg 768w, https:\/\/www.k2outdoor-annecy.com\/wp-content\/uploads\/2021\/03\/comptoirdesebastien-300x200.jpg 300w, https:\/\/www.k2outdoor-annecy.com\/wp-content\/uploads\/2021\/03\/comptoirdesebastien-600x400.jpg 600w\" sizes=\"(max-width: 768px) 100vw, 768px\" \/><\/a><\/figure><div class=\"elementor-image-box-content\"><h3 class=\"elementor-image-box-title\"><a href=\"https:\/\/www.lecomptoirdesebastien.com\/fr\/\" target=\"_blank\">Appartements Le comptoir de S\u00e9bastien<\/a><\/h3><p class=\"elementor-image-box-description\">A 15 minutes de l\u2019\u00e9cole K2 et au c\u0153ur du Village de Talloires \u00e0 2 mn \u00e0 pied de la plage et du club nautique. Style contemporain, grand confort, grande terrasse sud-ouest avec une vue imprenable sur le lac et les montagnes.<\/p><\/div><\/div>\t\t\t\t<\/div>\n\t\t\t\t<\/div>\n\t\t\t\t\t<\/div>\n\t\t<\/div>\n\t\t\t\t\t<\/div>\n\t\t<\/section>\n\t\t\t\t<section class=\"elementor-section elementor-inner-section elementor-element elementor-element-5ab6d8b elementor-section-content-top elementor-section-boxed elementor-section-height-default elementor-section-height-default\" data-id=\"5ab6d8b\" data-element_type=\"section\" data-e-type=\"section\" data-settings=\"{&quot;jet_parallax_layout_list&quot;:[{&quot;jet_parallax_layout_image&quot;:{&quot;url&quot;:&quot;&quot;,&quot;id&quot;:&quot;&quot;,&quot;size&quot;:&quot;&quot;},&quot;_id&quot;:&quot;0ef7de9&quot;,&quot;jet_parallax_layout_image_tablet&quot;:{&quot;url&quot;:&quot;&quot;,&quot;id&quot;:&quot;&quot;,&quot;size&quot;:&quot;&quot;},&quot;jet_parallax_layout_image_mobile&quot;:{&quot;url&quot;:&quot;&quot;,&quot;id&quot;:&quot;&quot;,&quot;size&quot;:&quot;&quot;},&quot;jet_parallax_layout_speed&quot;:{&quot;unit&quot;:&quot;%&quot;,&quot;size&quot;:50,&quot;sizes&quot;:[]},&quot;jet_parallax_layout_type&quot;:&quot;scroll&quot;,&quot;jet_parallax_layout_direction&quot;:&quot;1&quot;,&quot;jet_parallax_layout_fx_direction&quot;:null,&quot;jet_parallax_layout_z_index&quot;:&quot;&quot;,&quot;jet_parallax_layout_bg_x&quot;:50,&quot;jet_parallax_layout_bg_x_tablet&quot;:&quot;&quot;,&quot;jet_parallax_layout_bg_x_mobile&quot;:&quot;&quot;,&quot;jet_parallax_layout_bg_y&quot;:50,&quot;jet_parallax_layout_bg_y_tablet&quot;:&quot;&quot;,&quot;jet_parallax_layout_bg_y_mobile&quot;:&quot;&quot;,&quot;jet_parallax_layout_bg_size&quot;:&quot;auto&quot;,&quot;jet_parallax_layout_bg_size_tablet&quot;:&quot;&quot;,&quot;jet_parallax_layout_bg_size_mobile&quot;:&quot;&quot;,&quot;jet_parallax_layout_animation_prop&quot;:&quot;transform&quot;,&quot;jet_parallax_layout_on&quot;:[&quot;desktop&quot;,&quot;tablet&quot;]}]}\">\n\t\t\t\t\t\t<div class=\"elementor-container elementor-column-gap-default\">\n\t\t\t\t\t<div class=\"elementor-column elementor-col-33 elementor-inner-column elementor-element elementor-element-7880c89\" data-id=\"7880c89\" data-element_type=\"column\" data-e-type=\"column\">\n\t\t\t<div class=\"elementor-widget-wrap elementor-element-populated\">\n\t\t\t\t\t\t<div class=\"elementor-element elementor-element-c2ef175 elementor-position-top elementor-widget elementor-widget-image-box\" data-id=\"c2ef175\" data-element_type=\"widget\" data-e-type=\"widget\" data-widget_type=\"image-box.default\">\n\t\t\t\t<div class=\"elementor-widget-container\">\n\t\t\t\t\t<div class=\"elementor-image-box-wrapper\"><figure class=\"elementor-image-box-img\"><a href=\"http:\/\/www.florimontane.fr\/\" target=\"_blank\" tabindex=\"-1\"><img loading=\"lazy\" decoding=\"async\" width=\"570\" height=\"380\" src=\"https:\/\/www.k2outdoor-annecy.com\/wp-content\/uploads\/2021\/03\/florimontane.jpg\" class=\"attachment-full size-full wp-image-1680\" alt=\"\" srcset=\"https:\/\/www.k2outdoor-annecy.com\/wp-content\/uploads\/2021\/03\/florimontane.jpg 570w, https:\/\/www.k2outdoor-annecy.com\/wp-content\/uploads\/2021\/03\/florimontane-300x200.jpg 300w\" sizes=\"(max-width: 570px) 100vw, 570px\" \/><\/a><\/figure><div class=\"elementor-image-box-content\"><h3 class=\"elementor-image-box-title\"><a href=\"http:\/\/www.florimontane.fr\/\" target=\"_blank\">Chambres et appartements meubl\u00e9s Le Florimontane<\/a><\/h3><p class=\"elementor-image-box-description\">A 15 mn de l\u2019\u00e9cole K2, Chambres, studios ou appartements meubl\u00e9s, situ\u00e9s \u00e0 Echarvinne, \u00e0 Talloires.\nOuvert toute l\u2019ann\u00e9e, Le Florimontane est tout proche de l\u2019atterrissage de Planfait.\n<\/p><\/div><\/div>\t\t\t\t<\/div>\n\t\t\t\t<\/div>\n\t\t\t\t\t<\/div>\n\t\t<\/div>\n\t\t\t\t<div class=\"elementor-column elementor-col-33 elementor-inner-column elementor-element elementor-element-7f22b9f\" data-id=\"7f22b9f\" data-element_type=\"column\" data-e-type=\"column\">\n\t\t\t<div class=\"elementor-widget-wrap elementor-element-populated\">\n\t\t\t\t\t\t<div class=\"elementor-element elementor-element-0bac1cf elementor-position-top elementor-widget elementor-widget-image-box\" data-id=\"0bac1cf\" data-element_type=\"widget\" data-e-type=\"widget\" data-widget_type=\"image-box.default\">\n\t\t\t\t<div class=\"elementor-widget-container\">\n\t\t\t\t\t<div class=\"elementor-image-box-wrapper\"><figure class=\"elementor-image-box-img\"><a href=\"http:\/\/www.lesalerions.org\/\" target=\"_blank\" tabindex=\"-1\"><img loading=\"lazy\" decoding=\"async\" width=\"374\" height=\"245\" src=\"https:\/\/www.k2outdoor-annecy.com\/wp-content\/uploads\/2021\/03\/les-alerions.jpg\" class=\"attachment-full size-full wp-image-1685\" alt=\"\" srcset=\"https:\/\/www.k2outdoor-annecy.com\/wp-content\/uploads\/2021\/03\/les-alerions.jpg 374w, https:\/\/www.k2outdoor-annecy.com\/wp-content\/uploads\/2021\/03\/les-alerions-300x197.jpg 300w\" sizes=\"(max-width: 374px) 100vw, 374px\" \/><\/a><\/figure><div class=\"elementor-image-box-content\"><h3 class=\"elementor-image-box-title\"><a href=\"http:\/\/www.lesalerions.org\/\" target=\"_blank\">Centre de vacances - Les Al\u00e9rions<\/a><\/h3><p class=\"elementor-image-box-description\">A 15 mn de l\u2019\u00e9cole K2, tout proche de l\u2019atterrissage de Planfait, id\u00e9al pour l\u2019accueil de groupes, avec chambres de 2 \u00e0 4 lits, grande salle \u00e0 manger, terrasse avec vue sur le lac d\u2019Annecy<\/p><\/div><\/div>\t\t\t\t<\/div>\n\t\t\t\t<\/div>\n\t\t\t\t\t<\/div>\n\t\t<\/div>\n\t\t\t\t<div class=\"elementor-column elementor-col-33 elementor-inner-column elementor-element elementor-element-8b26b79\" data-id=\"8b26b79\" data-element_type=\"column\" data-e-type=\"column\">\n\t\t\t<div class=\"elementor-widget-wrap elementor-element-populated\">\n\t\t\t\t\t\t<div class=\"elementor-element elementor-element-4f73610 elementor-position-top elementor-widget elementor-widget-image-box\" data-id=\"4f73610\" data-element_type=\"widget\" data-e-type=\"widget\" data-widget_type=\"image-box.default\">\n\t\t\t\t<div class=\"elementor-widget-container\">\n\t\t\t\t\t<div class=\"elementor-image-box-wrapper\"><figure class=\"elementor-image-box-img\"><a href=\"http:\/\/www.lesalerions.org\/\" target=\"_blank\" tabindex=\"-1\"><img loading=\"lazy\" decoding=\"async\" width=\"630\" height=\"323\" src=\"https:\/\/www.k2outdoor-annecy.com\/wp-content\/uploads\/2023\/05\/523-galerie-riviere-marche-lac-bleu-630x630-1.jpg\" class=\"attachment-full size-full wp-image-1973\" alt=\"\" srcset=\"https:\/\/www.k2outdoor-annecy.com\/wp-content\/uploads\/2023\/05\/523-galerie-riviere-marche-lac-bleu-630x630-1.jpg 630w, https:\/\/www.k2outdoor-annecy.com\/wp-content\/uploads\/2023\/05\/523-galerie-riviere-marche-lac-bleu-630x630-1-300x154.jpg 300w, https:\/\/www.k2outdoor-annecy.com\/wp-content\/uploads\/2023\/05\/523-galerie-riviere-marche-lac-bleu-630x630-1-18x9.jpg 18w, https:\/\/www.k2outdoor-annecy.com\/wp-content\/uploads\/2023\/05\/523-galerie-riviere-marche-lac-bleu-630x630-1-600x308.jpg 600w\" sizes=\"(max-width: 630px) 100vw, 630px\" \/><\/a><\/figure><div class=\"elementor-image-box-content\"><h3 class=\"elementor-image-box-title\"><a href=\"http:\/\/www.lesalerions.org\/\" target=\"_blank\">Camping international du Lac Bleu<\/a><\/h3><p class=\"elementor-image-box-description\">A 15 mn de la boutique  K2, tout proche de l\u2019atterrissage de doussard, Envisagez vos prochaines vacances dans les Alpes dans un cadre idyllique ! Le camping international du Lac Bleu est id\u00e9alement situ\u00e9 dans un \u00e9crin de verdure au bord du lac d\u2019Annecy. Notre domaine dispose de tous les atouts pour un s\u00e9jour inoubliable \u00e0 Doussard en Haute-Savoie, entre Annecy et Albertville.<br style=\"letter-spacing: normal;white-space: normal;min-height: 0px;min-width: 0px;font-size: 18px;text-align: left\"><\/p><\/div><\/div>\t\t\t\t<\/div>\n\t\t\t\t<\/div>\n\t\t\t\t\t<\/div>\n\t\t<\/div>\n\t\t\t\t\t<\/div>\n\t\t<\/section>\n\t\t\t\t<section class=\"elementor-section elementor-inner-section elementor-element elementor-element-ac30b38 elementor-section-content-top elementor-section-boxed elementor-section-height-default elementor-section-height-default\" data-id=\"ac30b38\" data-element_type=\"section\" data-e-type=\"section\" data-settings=\"{&quot;jet_parallax_layout_list&quot;:[{&quot;jet_parallax_layout_image&quot;:{&quot;url&quot;:&quot;&quot;,&quot;id&quot;:&quot;&quot;,&quot;size&quot;:&quot;&quot;},&quot;_id&quot;:&quot;0ef7de9&quot;,&quot;jet_parallax_layout_image_tablet&quot;:{&quot;url&quot;:&quot;&quot;,&quot;id&quot;:&quot;&quot;,&quot;size&quot;:&quot;&quot;},&quot;jet_parallax_layout_image_mobile&quot;:{&quot;url&quot;:&quot;&quot;,&quot;id&quot;:&quot;&quot;,&quot;size&quot;:&quot;&quot;},&quot;jet_parallax_layout_speed&quot;:{&quot;unit&quot;:&quot;%&quot;,&quot;size&quot;:50,&quot;sizes&quot;:[]},&quot;jet_parallax_layout_type&quot;:&quot;scroll&quot;,&quot;jet_parallax_layout_direction&quot;:&quot;1&quot;,&quot;jet_parallax_layout_fx_direction&quot;:null,&quot;jet_parallax_layout_z_index&quot;:&quot;&quot;,&quot;jet_parallax_layout_bg_x&quot;:50,&quot;jet_parallax_layout_bg_x_tablet&quot;:&quot;&quot;,&quot;jet_parallax_layout_bg_x_mobile&quot;:&quot;&quot;,&quot;jet_parallax_layout_bg_y&quot;:50,&quot;jet_parallax_layout_bg_y_tablet&quot;:&quot;&quot;,&quot;jet_parallax_layout_bg_y_mobile&quot;:&quot;&quot;,&quot;jet_parallax_layout_bg_size&quot;:&quot;auto&quot;,&quot;jet_parallax_layout_bg_size_tablet&quot;:&quot;&quot;,&quot;jet_parallax_layout_bg_size_mobile&quot;:&quot;&quot;,&quot;jet_parallax_layout_animation_prop&quot;:&quot;transform&quot;,&quot;jet_parallax_layout_on&quot;:[&quot;desktop&quot;,&quot;tablet&quot;]}]}\">\n\t\t\t\t\t\t<div class=\"elementor-container elementor-column-gap-default\">\n\t\t\t\t\t<div class=\"elementor-column elementor-col-33 elementor-inner-column elementor-element elementor-element-325566f\" data-id=\"325566f\" data-element_type=\"column\" data-e-type=\"column\">\n\t\t\t<div class=\"elementor-widget-wrap\">\n\t\t\t\t\t\t\t<\/div>\n\t\t<\/div>\n\t\t\t\t<div class=\"elementor-column elementor-col-33 elementor-inner-column elementor-element elementor-element-385127a\" data-id=\"385127a\" data-element_type=\"column\" data-e-type=\"column\">\n\t\t\t<div class=\"elementor-widget-wrap elementor-element-populated\">\n\t\t\t\t\t\t<div class=\"elementor-element elementor-element-3988f9c elementor-position-top elementor-widget elementor-widget-image-box\" data-id=\"3988f9c\" data-element_type=\"widget\" data-e-type=\"widget\" data-widget_type=\"image-box.default\">\n\t\t\t\t<div class=\"elementor-widget-container\">\n\t\t\t\t\t<div class=\"elementor-image-box-wrapper\"><figure class=\"elementor-image-box-img\"><a href=\"https:\/\/www.sandaya.fr\/nos-campings\/la-nubliere\" target=\"_blank\" tabindex=\"-1\"><img loading=\"lazy\" decoding=\"async\" width=\"1536\" height=\"1024\" src=\"https:\/\/www.k2outdoor-annecy.com\/wp-content\/uploads\/2023\/05\/1eb349e60ad3-1_2021_Sandaya_La_Nubliere_Infrastructures_100.jpeg\" class=\"attachment-full size-full wp-image-1975\" alt=\"\" srcset=\"https:\/\/www.k2outdoor-annecy.com\/wp-content\/uploads\/2023\/05\/1eb349e60ad3-1_2021_Sandaya_La_Nubliere_Infrastructures_100.jpeg 1536w, https:\/\/www.k2outdoor-annecy.com\/wp-content\/uploads\/2023\/05\/1eb349e60ad3-1_2021_Sandaya_La_Nubliere_Infrastructures_100-300x200.jpeg 300w, https:\/\/www.k2outdoor-annecy.com\/wp-content\/uploads\/2023\/05\/1eb349e60ad3-1_2021_Sandaya_La_Nubliere_Infrastructures_100-1024x683.jpeg 1024w, https:\/\/www.k2outdoor-annecy.com\/wp-content\/uploads\/2023\/05\/1eb349e60ad3-1_2021_Sandaya_La_Nubliere_Infrastructures_100-768x512.jpeg 768w, https:\/\/www.k2outdoor-annecy.com\/wp-content\/uploads\/2023\/05\/1eb349e60ad3-1_2021_Sandaya_La_Nubliere_Infrastructures_100-18x12.jpeg 18w, https:\/\/www.k2outdoor-annecy.com\/wp-content\/uploads\/2023\/05\/1eb349e60ad3-1_2021_Sandaya_La_Nubliere_Infrastructures_100-600x400.jpeg 600w\" sizes=\"(max-width: 1536px) 100vw, 1536px\" \/><\/a><\/figure><div class=\"elementor-image-box-content\"><h3 class=\"elementor-image-box-title\"><a href=\"https:\/\/www.sandaya.fr\/nos-campings\/la-nubliere\" target=\"_blank\">Camping Sandaya - La Nubli\u00e8re<\/a><\/h3><p class=\"elementor-image-box-description\">A 15 mn de la boutique K2, tout proche de l\u2019atterrissage de doussard, Au bord du lac d\u2019Annecy, le camping Sandaya La Nubli\u00e8re vous invite \u00e0 d\u00e9couvrir les plus beaux paysages de Haute-Savoie. Entre fl\u00e2neries \u00e0 Annecy, loisirs nautiques et randonn\u00e9e dans les massifs alpins, l\u2019\u00e9vasion s\u2019invite dans toutes vos excursions !\n\nChoisissez l\u2019un de nos mobil-homes ou emplacements de camping face au lac d\u2019Annecy et profitez de la belle vie : espace bien-\u00eatre, aire de jeux aquatiques, sports et loisirs en plein air\u2026 Bienvenue au camping 4 \u00e9toiles La Nubli\u00e8re !<\/p><\/div><\/div>\t\t\t\t<\/div>\n\t\t\t\t<\/div>\n\t\t\t\t\t<\/div>\n\t\t<\/div>\n\t\t\t\t<div class=\"elementor-column elementor-col-33 elementor-inner-column elementor-element elementor-element-0a86e43\" data-id=\"0a86e43\" data-element_type=\"column\" data-e-type=\"column\">\n\t\t\t<div class=\"elementor-widget-wrap elementor-element-populated\">\n\t\t\t\t\t\t\t<\/div>\n\t\t<\/div>\n\t\t\t\t\t<\/div>\n\t\t<\/section>\n\t\t\t\t\t<\/div>\n\t\t<\/div>\n\t\t\t\t\t<\/div>\n\t\t<\/section>\n\t\t\t\t<section class=\"elementor-section elementor-top-section elementor-element elementor-element-41bba90 elementor-section-full_width elementor-section-height-default elementor-section-height-default\" data-id=\"41bba90\" data-element_type=\"section\" data-e-type=\"section\" data-settings=\"{&quot;jet_parallax_layout_list&quot;:[{&quot;_id&quot;:&quot;ea45d82&quot;,&quot;jet_parallax_layout_speed&quot;:{&quot;unit&quot;:&quot;%&quot;,&quot;size&quot;:50,&quot;sizes&quot;:[]},&quot;jet_parallax_layout_image&quot;:{&quot;url&quot;:&quot;&quot;,&quot;id&quot;:&quot;&quot;,&quot;size&quot;:&quot;&quot;},&quot;jet_parallax_layout_image_tablet&quot;:{&quot;url&quot;:&quot;&quot;,&quot;id&quot;:&quot;&quot;,&quot;size&quot;:&quot;&quot;},&quot;jet_parallax_layout_image_mobile&quot;:{&quot;url&quot;:&quot;&quot;,&quot;id&quot;:&quot;&quot;,&quot;size&quot;:&quot;&quot;},&quot;jet_parallax_layout_type&quot;:&quot;scroll&quot;,&quot;jet_parallax_layout_direction&quot;:&quot;1&quot;,&quot;jet_parallax_layout_fx_direction&quot;:null,&quot;jet_parallax_layout_z_index&quot;:&quot;&quot;,&quot;jet_parallax_layout_bg_x&quot;:50,&quot;jet_parallax_layout_bg_x_tablet&quot;:&quot;&quot;,&quot;jet_parallax_layout_bg_x_mobile&quot;:&quot;&quot;,&quot;jet_parallax_layout_bg_y&quot;:50,&quot;jet_parallax_layout_bg_y_tablet&quot;:&quot;&quot;,&quot;jet_parallax_layout_bg_y_mobile&quot;:&quot;&quot;,&quot;jet_parallax_layout_bg_size&quot;:&quot;auto&quot;,&quot;jet_parallax_layout_bg_size_tablet&quot;:&quot;&quot;,&quot;jet_parallax_layout_bg_size_mobile&quot;:&quot;&quot;,&quot;jet_parallax_layout_animation_prop&quot;:&quot;transform&quot;,&quot;jet_parallax_layout_on&quot;:[&quot;desktop&quot;,&quot;tablet&quot;]}],&quot;background_background&quot;:&quot;classic&quot;}\">\n\t\t\t\t\t\t<div class=\"elementor-container elementor-column-gap-default\">\n\t\t\t\t\t<div class=\"elementor-column elementor-col-100 elementor-top-column elementor-element elementor-element-b6b0811\" data-id=\"b6b0811\" data-element_type=\"column\" data-e-type=\"column\">\n\t\t\t<div class=\"elementor-widget-wrap elementor-element-populated\">\n\t\t\t\t\t\t<div class=\"elementor-element elementor-element-b340408 elementor-widget elementor-widget-google_maps\" data-id=\"b340408\" data-element_type=\"widget\" data-e-type=\"widget\" data-widget_type=\"google_maps.default\">\n\t\t\t\t<div class=\"elementor-widget-container\">\n\t\t\t\t\t\t\t<div class=\"elementor-custom-embed\">\n\t\t\t<iframe loading=\"lazy\"\n\t\t\t\t\tsrc=\"https:\/\/maps.google.com\/maps?q=K2%20Outdoor&#038;t=m&#038;z=11&#038;output=embed&#038;iwloc=near\"\n\t\t\t\t\ttitle=\"K2 Outdoor\"\n\t\t\t\t\taria-label=\"K2 Outdoor\"\n\t\t\t><\/iframe>\n\t\t<\/div>\n\t\t\t\t\t\t<\/div>\n\t\t\t\t<\/div>\n\t\t\t\t\t<\/div>\n\t\t<\/div>\n\t\t\t\t\t<\/div>\n\t\t<\/section>\n\t\t\t\t<section class=\"elementor-section elementor-top-section elementor-element elementor-element-9cc2916 elementor-section-boxed elementor-section-height-default elementor-section-height-default elementor-invisible\" data-id=\"9cc2916\" data-element_type=\"section\" data-e-type=\"section\" data-settings=\"{&quot;jet_parallax_layout_list&quot;:[{&quot;_id&quot;:&quot;577295b&quot;,&quot;jet_parallax_layout_speed&quot;:{&quot;unit&quot;:&quot;%&quot;,&quot;size&quot;:50,&quot;sizes&quot;:[]},&quot;jet_parallax_layout_image&quot;:{&quot;url&quot;:&quot;&quot;,&quot;id&quot;:&quot;&quot;,&quot;size&quot;:&quot;&quot;},&quot;jet_parallax_layout_image_tablet&quot;:{&quot;url&quot;:&quot;&quot;,&quot;id&quot;:&quot;&quot;,&quot;size&quot;:&quot;&quot;},&quot;jet_parallax_layout_image_mobile&quot;:{&quot;url&quot;:&quot;&quot;,&quot;id&quot;:&quot;&quot;,&quot;size&quot;:&quot;&quot;},&quot;jet_parallax_layout_type&quot;:&quot;scroll&quot;,&quot;jet_parallax_layout_direction&quot;:&quot;1&quot;,&quot;jet_parallax_layout_fx_direction&quot;:null,&quot;jet_parallax_layout_z_index&quot;:&quot;&quot;,&quot;jet_parallax_layout_bg_x&quot;:50,&quot;jet_parallax_layout_bg_x_tablet&quot;:&quot;&quot;,&quot;jet_parallax_layout_bg_x_mobile&quot;:&quot;&quot;,&quot;jet_parallax_layout_bg_y&quot;:50,&quot;jet_parallax_layout_bg_y_tablet&quot;:&quot;&quot;,&quot;jet_parallax_layout_bg_y_mobile&quot;:&quot;&quot;,&quot;jet_parallax_layout_bg_size&quot;:&quot;auto&quot;,&quot;jet_parallax_layout_bg_size_tablet&quot;:&quot;&quot;,&quot;jet_parallax_layout_bg_size_mobile&quot;:&quot;&quot;,&quot;jet_parallax_layout_animation_prop&quot;:&quot;transform&quot;,&quot;jet_parallax_layout_on&quot;:[&quot;desktop&quot;,&quot;tablet&quot;]}],&quot;animation&quot;:&quot;fadeIn&quot;}\">\n\t\t\t\t\t\t\t<div class=\"elementor-background-overlay\"><\/div>\n\t\t\t\t\t\t\t<div class=\"elementor-container elementor-column-gap-default\">\n\t\t\t\t\t<div class=\"elementor-column elementor-col-100 elementor-top-column elementor-element elementor-element-d324cac\" data-id=\"d324cac\" data-element_type=\"column\" data-e-type=\"column\">\n\t\t\t<div class=\"elementor-widget-wrap elementor-element-populated\">\n\t\t\t\t\t\t<div class=\"elementor-element elementor-element-e613892 elementor-widget elementor-widget-heading\" data-id=\"e613892\" data-element_type=\"widget\" data-e-type=\"widget\" data-widget_type=\"heading.default\">\n\t\t\t\t<div class=\"elementor-widget-container\">\n\t\t\t\t\t<h3 class=\"elementor-heading-title elementor-size-default\">K2 Outdoor, le sp\u00e9cialiste des sports en ext\u00e9rieures autour du lac Annecy et du pays de Savoie Mont-Blanc<\/h3>\t\t\t\t<\/div>\n\t\t\t\t<\/div>\n\t\t\t\t<div class=\"elementor-element elementor-element-74a91b7 elementor-widget elementor-widget-heading\" data-id=\"74a91b7\" data-element_type=\"widget\" data-e-type=\"widget\" data-widget_type=\"heading.default\">\n\t\t\t\t<div class=\"elementor-widget-container\">\n\t\t\t\t\t<h4 class=\"elementor-heading-title elementor-size-default\">Location de v\u00e9lo, VTT, VTC, v\u00e9los \u00e9lectriques et vol biplace en parapente. \u00c9galement boutique d\u2019accessoires et d\u2019\u00e9quipements cycle et point d\u2019information conseil sur les circuits de randonn\u00e9es. Au carrefour d\u2019Annecy, Gen\u00e8ve, Albertville, Chamb\u00e9ry et Lyon.<\/h4>\t\t\t\t<\/div>\n\t\t\t\t<\/div>\n\t\t\t\t\t<\/div>\n\t\t<\/div>\n\t\t\t\t\t<\/div>\n\t\t<\/section>\n\t\t\t\t<\/div>\n\t\t","protected":false},"excerpt":{"rendered":"<p>Les partenaires de K2 Outdoor K2 Outdoor travaille avec des partenaires fid\u00e8les, un r\u00e9seau de professionnels locaux qualifi\u00e9s et investis. Auto\u2019n\u2019home Location de campervans am\u00e9nag\u00e9s en bois, bas\u00e9e tout pr\u00e8s d\u2019Annecy. Location pour un week-end ou plus. Fort de Tami\u00e9 10 parcours acrobatiques et 100 ateliers ludiques et vertigineux sur 1000 m2, situ\u00e9 dans le [&hellip;]<\/p>\n","protected":false},"author":1,"featured_media":0,"parent":0,"menu_order":0,"comment_status":"closed","ping_status":"closed","template":"elementor_header_footer","meta":{"footnotes":""},"class_list":["post-1670","page","type-page","status-publish","hentry"],"yoast_head":"<!-- This site is optimized with the Yoast SEO plugin v27.5 - https:\/\/yoast.com\/product\/yoast-seo-wordpress\/ -->\n<title>Les partenaires I K2 Outdoor Annecy, Haute-Savoie<\/title>\n<meta name=\"description\" content=\"Les partenaires de K2 Outdoor Annecy Savoie Mont-Blanc\" \/>\n<meta name=\"robots\" content=\"index, follow, max-snippet:-1, max-image-preview:large, max-video-preview:-1\" \/>\n<link rel=\"canonical\" href=\"https:\/\/www.k2outdoor-annecy.com\/en\/les-partenaires-de-k2-outdoor\/\" \/>\n<meta property=\"og:locale\" content=\"en_GB\" \/>\n<meta property=\"og:type\" content=\"article\" \/>\n<meta property=\"og:title\" content=\"Les partenaires I K2 Outdoor Annecy, Haute-Savoie\" \/>\n<meta property=\"og:description\" content=\"Les partenaires de K2 Outdoor Annecy Savoie Mont-Blanc\" \/>\n<meta property=\"og:url\" content=\"https:\/\/www.k2outdoor-annecy.com\/en\/les-partenaires-de-k2-outdoor\/\" \/>\n<meta property=\"og:site_name\" content=\"K2 Outdoor\" \/>\n<meta property=\"article:modified_time\" content=\"2025-04-21T07:33:01+00:00\" \/>\n<meta property=\"og:image\" content=\"https:\/\/www.k2outdoor-annecy.com\/wp-content\/uploads\/2021\/03\/autonhome.png\" \/>\n\t<meta property=\"og:image:width\" content=\"2948\" \/>\n\t<meta property=\"og:image:height\" content=\"1956\" \/>\n\t<meta property=\"og:image:type\" content=\"image\/png\" \/>\n<meta name=\"twitter:card\" content=\"summary_large_image\" \/>\n<meta name=\"twitter:label1\" content=\"Estimated reading time\" \/>\n\t<meta name=\"twitter:data1\" content=\"9 minutes\" \/>\n<script type=\"application\/ld+json\" class=\"yoast-schema-graph\">{\"@context\":\"https:\\\/\\\/schema.org\",\"@graph\":[{\"@type\":\"WebPage\",\"@id\":\"https:\\\/\\\/www.k2outdoor-annecy.com\\\/les-partenaires-de-k2-outdoor\\\/\",\"url\":\"https:\\\/\\\/www.k2outdoor-annecy.com\\\/les-partenaires-de-k2-outdoor\\\/\",\"name\":\"Les partenaires I K2 Outdoor Annecy, Haute-Savoie\",\"isPartOf\":{\"@id\":\"https:\\\/\\\/www.k2outdoor-annecy.com\\\/#website\"},\"primaryImageOfPage\":{\"@id\":\"https:\\\/\\\/www.k2outdoor-annecy.com\\\/les-partenaires-de-k2-outdoor\\\/#primaryimage\"},\"image\":{\"@id\":\"https:\\\/\\\/www.k2outdoor-annecy.com\\\/les-partenaires-de-k2-outdoor\\\/#primaryimage\"},\"thumbnailUrl\":\"https:\\\/\\\/www.k2outdoor-annecy.com\\\/wp-content\\\/uploads\\\/2021\\\/03\\\/autonhome.png\",\"datePublished\":\"2021-03-25T12:56:30+00:00\",\"dateModified\":\"2025-04-21T07:33:01+00:00\",\"description\":\"Les partenaires de K2 Outdoor Annecy Savoie Mont-Blanc\",\"breadcrumb\":{\"@id\":\"https:\\\/\\\/www.k2outdoor-annecy.com\\\/les-partenaires-de-k2-outdoor\\\/#breadcrumb\"},\"inLanguage\":\"en-GB\",\"potentialAction\":[{\"@type\":\"ReadAction\",\"target\":[\"https:\\\/\\\/www.k2outdoor-annecy.com\\\/les-partenaires-de-k2-outdoor\\\/\"]}]},{\"@type\":\"ImageObject\",\"inLanguage\":\"en-GB\",\"@id\":\"https:\\\/\\\/www.k2outdoor-annecy.com\\\/les-partenaires-de-k2-outdoor\\\/#primaryimage\",\"url\":\"https:\\\/\\\/www.k2outdoor-annecy.com\\\/wp-content\\\/uploads\\\/2021\\\/03\\\/autonhome.png\",\"contentUrl\":\"https:\\\/\\\/www.k2outdoor-annecy.com\\\/wp-content\\\/uploads\\\/2021\\\/03\\\/autonhome.png\"},{\"@type\":\"BreadcrumbList\",\"@id\":\"https:\\\/\\\/www.k2outdoor-annecy.com\\\/les-partenaires-de-k2-outdoor\\\/#breadcrumb\",\"itemListElement\":[{\"@type\":\"ListItem\",\"position\":1,\"name\":\"Accueil\",\"item\":\"https:\\\/\\\/www.k2outdoor-annecy.com\\\/\"},{\"@type\":\"ListItem\",\"position\":2,\"name\":\"Les partenaires de K2 Outdoor\"}]},{\"@type\":\"WebSite\",\"@id\":\"https:\\\/\\\/www.k2outdoor-annecy.com\\\/#website\",\"url\":\"https:\\\/\\\/www.k2outdoor-annecy.com\\\/\",\"name\":\"K2 Outdoor\",\"description\":\"Location et r\u00e9paration de v\u00e9los Doussard \\\/ Annecy et Activit\u00e9s Outdoor\",\"publisher\":{\"@id\":\"https:\\\/\\\/www.k2outdoor-annecy.com\\\/#organization\"},\"potentialAction\":[{\"@type\":\"SearchAction\",\"target\":{\"@type\":\"EntryPoint\",\"urlTemplate\":\"https:\\\/\\\/www.k2outdoor-annecy.com\\\/?s={search_term_string}\"},\"query-input\":{\"@type\":\"PropertyValueSpecification\",\"valueRequired\":true,\"valueName\":\"search_term_string\"}}],\"inLanguage\":\"en-GB\"},{\"@type\":\"Organization\",\"@id\":\"https:\\\/\\\/www.k2outdoor-annecy.com\\\/#organization\",\"name\":\"K2 Outdoor\",\"url\":\"https:\\\/\\\/www.k2outdoor-annecy.com\\\/\",\"logo\":{\"@type\":\"ImageObject\",\"inLanguage\":\"en-GB\",\"@id\":\"https:\\\/\\\/www.k2outdoor-annecy.com\\\/#\\\/schema\\\/logo\\\/image\\\/\",\"url\":\"https:\\\/\\\/www.k2outdoor-annecy.com\\\/wp-content\\\/uploads\\\/2018\\\/05\\\/Groupe-2.png\",\"contentUrl\":\"https:\\\/\\\/www.k2outdoor-annecy.com\\\/wp-content\\\/uploads\\\/2018\\\/05\\\/Groupe-2.png\",\"width\":547,\"height\":454,\"caption\":\"K2 Outdoor\"},\"image\":{\"@id\":\"https:\\\/\\\/www.k2outdoor-annecy.com\\\/#\\\/schema\\\/logo\\\/image\\\/\"}}]}<\/script>\n<!-- \/ Yoast SEO plugin. -->","yoast_head_json":{"title":"Les partenaires I K2 Outdoor Annecy, Haute-Savoie","description":"Les partenaires de K2 Outdoor Annecy Savoie Mont-Blanc","robots":{"index":"index","follow":"follow","max-snippet":"max-snippet:-1","max-image-preview":"max-image-preview:large","max-video-preview":"max-video-preview:-1"},"canonical":"https:\/\/www.k2outdoor-annecy.com\/en\/les-partenaires-de-k2-outdoor\/","og_locale":"en_GB","og_type":"article","og_title":"Les partenaires I K2 Outdoor Annecy, Haute-Savoie","og_description":"Les partenaires de K2 Outdoor Annecy Savoie Mont-Blanc","og_url":"https:\/\/www.k2outdoor-annecy.com\/en\/les-partenaires-de-k2-outdoor\/","og_site_name":"K2 Outdoor","article_modified_time":"2025-04-21T07:33:01+00:00","og_image":[{"width":2948,"height":1956,"url":"https:\/\/www.k2outdoor-annecy.com\/wp-content\/uploads\/2021\/03\/autonhome.png","type":"image\/png"}],"twitter_card":"summary_large_image","twitter_misc":{"Estimated reading time":"9 minutes"},"schema":{"@context":"https:\/\/schema.org","@graph":[{"@type":"WebPage","@id":"https:\/\/www.k2outdoor-annecy.com\/les-partenaires-de-k2-outdoor\/","url":"https:\/\/www.k2outdoor-annecy.com\/les-partenaires-de-k2-outdoor\/","name":"Les partenaires I K2 Outdoor Annecy, Haute-Savoie","isPartOf":{"@id":"https:\/\/www.k2outdoor-annecy.com\/#website"},"primaryImageOfPage":{"@id":"https:\/\/www.k2outdoor-annecy.com\/les-partenaires-de-k2-outdoor\/#primaryimage"},"image":{"@id":"https:\/\/www.k2outdoor-annecy.com\/les-partenaires-de-k2-outdoor\/#primaryimage"},"thumbnailUrl":"https:\/\/www.k2outdoor-annecy.com\/wp-content\/uploads\/2021\/03\/autonhome.png","datePublished":"2021-03-25T12:56:30+00:00","dateModified":"2025-04-21T07:33:01+00:00","description":"Les partenaires de K2 Outdoor Annecy Savoie Mont-Blanc","breadcrumb":{"@id":"https:\/\/www.k2outdoor-annecy.com\/les-partenaires-de-k2-outdoor\/#breadcrumb"},"inLanguage":"en-GB","potentialAction":[{"@type":"ReadAction","target":["https:\/\/www.k2outdoor-annecy.com\/les-partenaires-de-k2-outdoor\/"]}]},{"@type":"ImageObject","inLanguage":"en-GB","@id":"https:\/\/www.k2outdoor-annecy.com\/les-partenaires-de-k2-outdoor\/#primaryimage","url":"https:\/\/www.k2outdoor-annecy.com\/wp-content\/uploads\/2021\/03\/autonhome.png","contentUrl":"https:\/\/www.k2outdoor-annecy.com\/wp-content\/uploads\/2021\/03\/autonhome.png"},{"@type":"BreadcrumbList","@id":"https:\/\/www.k2outdoor-annecy.com\/les-partenaires-de-k2-outdoor\/#breadcrumb","itemListElement":[{"@type":"ListItem","position":1,"name":"Accueil","item":"https:\/\/www.k2outdoor-annecy.com\/"},{"@type":"ListItem","position":2,"name":"Les partenaires de K2 Outdoor"}]},{"@type":"WebSite","@id":"https:\/\/www.k2outdoor-annecy.com\/#website","url":"https:\/\/www.k2outdoor-annecy.com\/","name":"K2 Outdoor","description":"Location et r\u00e9paration de v\u00e9los Doussard \/ Annecy et Activit\u00e9s Outdoor","publisher":{"@id":"https:\/\/www.k2outdoor-annecy.com\/#organization"},"potentialAction":[{"@type":"SearchAction","target":{"@type":"EntryPoint","urlTemplate":"https:\/\/www.k2outdoor-annecy.com\/?s={search_term_string}"},"query-input":{"@type":"PropertyValueSpecification","valueRequired":true,"valueName":"search_term_string"}}],"inLanguage":"en-GB"},{"@type":"Organization","@id":"https:\/\/www.k2outdoor-annecy.com\/#organization","name":"K2 Outdoor","url":"https:\/\/www.k2outdoor-annecy.com\/","logo":{"@type":"ImageObject","inLanguage":"en-GB","@id":"https:\/\/www.k2outdoor-annecy.com\/#\/schema\/logo\/image\/","url":"https:\/\/www.k2outdoor-annecy.com\/wp-content\/uploads\/2018\/05\/Groupe-2.png","contentUrl":"https:\/\/www.k2outdoor-annecy.com\/wp-content\/uploads\/2018\/05\/Groupe-2.png","width":547,"height":454,"caption":"K2 Outdoor"},"image":{"@id":"https:\/\/www.k2outdoor-annecy.com\/#\/schema\/logo\/image\/"}}]}},"_links":{"self":[{"href":"https:\/\/www.k2outdoor-annecy.com\/en\/wp-json\/wp\/v2\/pages\/1670","targetHints":{"allow":["GET"]}}],"collection":[{"href":"https:\/\/www.k2outdoor-annecy.com\/en\/wp-json\/wp\/v2\/pages"}],"about":[{"href":"https:\/\/www.k2outdoor-annecy.com\/en\/wp-json\/wp\/v2\/types\/page"}],"author":[{"embeddable":true,"href":"https:\/\/www.k2outdoor-annecy.com\/en\/wp-json\/wp\/v2\/users\/1"}],"replies":[{"embeddable":true,"href":"https:\/\/www.k2outdoor-annecy.com\/en\/wp-json\/wp\/v2\/comments?post=1670"}],"version-history":[{"count":36,"href":"https:\/\/www.k2outdoor-annecy.com\/en\/wp-json\/wp\/v2\/pages\/1670\/revisions"}],"predecessor-version":[{"id":2183,"href":"https:\/\/www.k2outdoor-annecy.com\/en\/wp-json\/wp\/v2\/pages\/1670\/revisions\/2183"}],"wp:attachment":[{"href":"https:\/\/www.k2outdoor-annecy.com\/en\/wp-json\/wp\/v2\/media?parent=1670"}],"curies":[{"name":"wp","href":"https:\/\/api.w.org\/{rel}","templated":true}]}}